{"id":978,"date":"2024-02-16T11:11:40","date_gmt":"2024-02-16T10:11:40","guid":{"rendered":"https:\/\/www.tec-deutschland.de\/?page_id=978"},"modified":"2026-04-27T19:57:42","modified_gmt":"2026-04-27T17:57:42","slug":"about-us","status":"publish","type":"page","link":"https:\/\/www.tec-deutschland.de\/en\/about-us\/","title":{"rendered":"About us"},"content":{"rendered":"<p>[et_pb_section fb_built=&#8220;1&#8243; _builder_version=&#8220;4.27.2&#8243; _module_preset=&#8220;default&#8220; background_image=&#8220;https:\/\/www.tec-deutschland.de\/wp-content\/uploads\/2024\/09\/tec_slide-bg_01.jpg&#8220; min_height=&#8220;100vh&#8220; custom_padding=&#8220;0px||0px||true|false&#8220; custom_css_main_element=&#8220;background-attachment: fixed;&#8220; global_colors_info=&#8220;{}&#8220; custom_css_main_element_last_edited=&#8220;on|tablet&#8220; custom_css_main_element_tablet=&#8220;background-attachment: scroll;&#8220; custom_css_main_element_phone=&#8220;background-attachment: scroll;&#8220;][et_pb_row admin_label=&#8220;Zeile&#8220; _builder_version=&#8220;4.20.2&#8243; _module_preset=&#8220;default&#8220; background_color=&#8220;RGBA(255,255,255,0)&#8220; min_height=&#8220;100vh&#8220; custom_padding=&#8220;0px||0px||true|false&#8220; global_colors_info=&#8220;{}&#8220;][et_pb_column type=&#8220;4_4&#8243; _builder_version=&#8220;4.20.2&#8243; _module_preset=&#8220;default&#8220; global_colors_info=&#8220;{}&#8220;][et_pb_slider admin_label=&#8220;Slider&#8220; _builder_version=&#8220;4.20.2&#8243; _module_preset=&#8220;default&#8220; body_font=&#8220;Sans Regular||||||||&#8220; background_color=&#8220;RGBA(255,255,255,0)&#8220; custom_button=&#8220;on&#8220; button_text_color=&#8220;#FFFFFF&#8220; button_bg_color=&#8220;#41ABE1&#8243; button_border_width=&#8220;0px&#8220; button_border_color=&#8220;RGBA(255,255,255,0)&#8220; button_border_radius=&#8220;0px&#8220; button_alignment=&#8220;center&#8220; min_height=&#8220;100vh&#8220; global_colors_info=&#8220;{}&#8220;][et_pb_slide button_text=&#8220;Mehr Erfahren&#8220; _builder_version=&#8220;4.20.2&#8243; _module_preset=&#8220;default&#8220; header_font_size_tablet=&#8220;32px&#8220; header_font_size_phone=&#8220;24px&#8220; header_font_size_last_edited=&#8220;on|phone&#8220; global_colors_info=&#8220;{}&#8220; sticky_transition=&#8220;on&#8220;]<\/p>\n<h1>Erfahren Sie mehr \u00fcber uns<\/h1>\n<p>&nbsp;<\/p>\n<p>[\/et_pb_slide][\/et_pb_slider][\/et_pb_column][\/et_pb_row][et_pb_row module_id=&#8220;hero-scroll&#8220; _builder_version=&#8220;4.20.2&#8243; _module_preset=&#8220;default&#8220; width=&#8220;100%&#8220; max_width=&#8220;100%&#8220; global_colors_info=&#8220;{}&#8220;][et_pb_column type=&#8220;4_4&#8243; _builder_version=&#8220;4.20.2&#8243; _module_preset=&#8220;default&#8220; global_colors_info=&#8220;{}&#8220;][et_pb_text _builder_version=&#8220;4.20.2&#8243; _module_preset=&#8220;default&#8220; text_font=&#8220;Sans Regular|||on|||||&#8220; text_text_color=&#8220;#FFFFFF&#8220; text_font_size=&#8220;14px&#8220; text_line_height=&#8220;1.2em&#8220; custom_margin=&#8220;0px||0px||true|false&#8220; global_colors_info=&#8220;{}&#8220;]<\/p>\n<p style=\"text-align: center;\">Bitte<br \/>Scrollen<\/p>\n<p>[\/et_pb_text][et_pb_icon font_icon=&#8220;&#x22;||divi||400&#8243; icon_color=&#8220;#FFFFFF&#8220; icon_width=&#8220;30px&#8220; _builder_version=&#8220;4.20.2&#8243; _module_preset=&#8220;default&#8220; global_colors_info=&#8220;{}&#8220;][\/et_pb_icon][\/et_pb_column][\/et_pb_row][\/et_pb_section][et_pb_section fb_built=&#8220;1&#8243; _builder_version=&#8220;4.20.2&#8243; _module_preset=&#8220;default&#8220; global_colors_info=&#8220;{}&#8220;][et_pb_row _builder_version=&#8220;4.20.2&#8243; _module_preset=&#8220;default&#8220; global_colors_info=&#8220;{}&#8220;][et_pb_column type=&#8220;4_4&#8243; _builder_version=&#8220;4.20.2&#8243; _module_preset=&#8220;default&#8220; global_colors_info=&#8220;{}&#8220;][et_pb_text _builder_version=&#8220;4.20.2&#8243; _module_preset=&#8220;default&#8220; global_colors_info=&#8220;{}&#8220;]<\/p>\n<h2 style=\"text-align: center;\"><span>telecommunications executive circle<\/span><\/h2>\n<p>[\/et_pb_text][\/et_pb_column][\/et_pb_row][et_pb_row column_structure=&#8220;1_2,1_2&#8243; _builder_version=&#8220;4.20.2&#8243; _module_preset=&#8220;default&#8220; custom_padding=&#8220;0px||0px||true|false&#8220; global_colors_info=&#8220;{}&#8220;][et_pb_column type=&#8220;1_2&#8243; _builder_version=&#8220;4.20.2&#8243; _module_preset=&#8220;default&#8220; global_colors_info=&#8220;{}&#8220;][et_pb_text _builder_version=&#8220;4.20.2&#8243; _module_preset=&#8220;default&#8220; global_colors_info=&#8220;{}&#8220;]<\/p>\n<p><span>Der Telecommunications Executive Circle (TEC) ist eine Veranstaltungsreihe f\u00fcr F\u00fchrungskr\u00e4fte der TK-Industrie. In diesem Rahmen finden dieses Jahr 4 Veranstaltungen statt. Ziel ist es, einen Erfahrungsaustausch zu aktuellen branchenspezifischen Themen zu erm\u00f6glichen.<\/span><\/p>\n<p><span>Im Fokus des Circles stehen dabei Themen, die gegenw\u00e4rtig f\u00fcr die TK-Unternehmen im Brennpunkt stehen und bei denen aufgrund Ihrer Aktualit\u00e4t gro\u00dfer Kl\u00e4rungsbedarf besteht.<\/span><\/p>\n<p>[\/et_pb_text][\/et_pb_column][et_pb_column type=&#8220;1_2&#8243; _builder_version=&#8220;4.20.2&#8243; _module_preset=&#8220;default&#8220; global_colors_info=&#8220;{}&#8220;][et_pb_text _builder_version=&#8220;4.20.2&#8243; _module_preset=&#8220;default&#8220; global_colors_info=&#8220;{}&#8220;]<\/p>\n<p><span>Bei TEC werden zuk\u00fcnftige Marktentwicklungen mit den Top-Managern der Branche diskutiert. Daf\u00fcr werden in der Regel vier bis f\u00fcnf namhafte Vertreter hochkar\u00e4tiger Unternehmen der TK-Branche eingeladen.<\/span><\/p>\n<p><span>Zudem l\u00e4sst TEC viel Freiraum f\u00fcr den pers\u00f6nlichen Kontakt unter den Teilnehmern. In diesem einzigartigen Forum haben Sie die M\u00f6glichkeit, Gesch\u00e4ftsstrategien, Ideen und Meinungen kennenzulernen sowie sich mit anderen F\u00fchrungskr\u00e4ften auszutauschen.<\/span><\/p>\n<p>[\/et_pb_text][\/et_pb_column][\/et_pb_row][\/et_pb_section][et_pb_section fb_built=&#8220;1&#8243; _builder_version=&#8220;4.21.0&#8243; _module_preset=&#8220;default&#8220; background_color=&#8220;#0276B9&#8243; global_colors_info=&#8220;{}&#8220;][et_pb_row column_structure=&#8220;1_2,1_2&#8243; make_equal=&#8220;on&#8220; module_class=&#8220;.vertikal-zentrieren&#8220; _builder_version=&#8220;4.21.0&#8243; _module_preset=&#8220;default&#8220; global_colors_info=&#8220;{}&#8220;][et_pb_column type=&#8220;1_2&#8243; module_class=&#8220;vertikal-zentrieren&#8220; _builder_version=&#8220;4.21.0&#8243; _module_preset=&#8220;default&#8220; global_colors_info=&#8220;{}&#8220;][et_pb_text module_class=&#8220;.vertikal-zentrieren&#8220; _builder_version=&#8220;4.27.4&#8243; _module_preset=&#8220;default&#8220; text_text_color=&#8220;#FFFFFF&#8220; header_text_color=&#8220;#FFFFFF&#8220; custom_padding=&#8220;10px|||||&#8220; global_colors_info=&#8220;{}&#8220;]<\/p>\n<h3 style=\"text-align: right;\"><span style=\"color: #ffffff;\">Unsere n\u00e4chsten Veranstaltungen<\/span><\/h3>\n<p>[\/et_pb_text][\/et_pb_column][et_pb_column type=&#8220;1_2&#8243; module_class=&#8220;vertikal-zentrieren&#8220; _builder_version=&#8220;4.21.0&#8243; _module_preset=&#8220;default&#8220; global_colors_info=&#8220;{}&#8220;][et_pb_button button_url=&#8220;https:\/\/www.tec-deutschland.de\/blog\/veranstaltung\/2025-26-jahreswechsel\/&#8220; button_text=&#8220;Jahreswechsel&#8220; module_class=&#8220;.vertikal-zentrieren&#8220; _builder_version=&#8220;4.27.4&#8243; _module_preset=&#8220;default&#8220; custom_button=&#8220;on&#8220; button_text_color=&#8220;#FFFFFF&#8220; button_border_radius=&#8220;26px&#8220; button_letter_spacing=&#8220;1px&#8220; animation_style=&#8220;flip&#8220; box_shadow_style=&#8220;preset3&#8243; global_colors_info=&#8220;{}&#8220; disabled_on=&#8220;on|on|on&#8220; disabled=&#8220;on&#8220;][\/et_pb_button][et_pb_button button_url=&#8220;https:\/\/www.tec-deutschland.de\/blog\/veranstaltung\/tec-82-telcos-als-digital-enabler-wie-koennen-andere-industrien-davon-profitieren\/&#8220; button_text=&#8220;82. TEC-Abendveranstaltung&#8220; _builder_version=&#8220;4.27.4&#8243; _module_preset=&#8220;default&#8220; custom_button=&#8220;on&#8220; button_border_radius=&#8220;26px&#8220; animation_style=&#8220;flip&#8220; hover_enabled=&#8220;0&#8243; box_shadow_style=&#8220;preset3&#8243; global_colors_info=&#8220;{}&#8220; sticky_enabled=&#8220;0&#8243;][\/et_pb_button][\/et_pb_column][\/et_pb_row][\/et_pb_section][et_pb_section fb_built=&#8220;1&#8243; _builder_version=&#8220;4.21.0&#8243; _module_preset=&#8220;default&#8220; global_colors_info=&#8220;{}&#8220;][et_pb_row _builder_version=&#8220;4.20.2&#8243; _module_preset=&#8220;default&#8220; locked=&#8220;off&#8220; global_colors_info=&#8220;{}&#8220;][et_pb_column type=&#8220;4_4&#8243; _builder_version=&#8220;4.20.2&#8243; _module_preset=&#8220;default&#8220; global_colors_info=&#8220;{}&#8220;][et_pb_text _builder_version=&#8220;4.21.0&#8243; _module_preset=&#8220;default&#8220; global_colors_info=&#8220;{}&#8220;]<\/p>\n<h2 style=\"text-align: center;\"><span>Was wird sie bei uns erwarten?<\/span><\/h2>\n<p>[\/et_pb_text][\/et_pb_column][\/et_pb_row][et_pb_row _builder_version=&#8220;4.21.0&#8243; _module_preset=&#8220;default&#8220; global_colors_info=&#8220;{}&#8220;][et_pb_column type=&#8220;4_4&#8243; _builder_version=&#8220;4.21.0&#8243; _module_preset=&#8220;default&#8220; global_colors_info=&#8220;{}&#8220;][et_pb_video src=&#8220;https:\/\/www.youtube.com\/watch?v=pO_D2guGBJA&#038;ab_channel=B%C3%96CKERZIEMENCustomerInsightConsultants&#8220; play_icon_color=&#8220;#0276B9&#8243; _builder_version=&#8220;4.21.0&#8243; _module_preset=&#8220;default&#8220; width=&#8220;75%&#8220; width_tablet=&#8220;75%&#8220; width_phone=&#8220;75%&#8220; width_last_edited=&#8220;on|desktop&#8220; module_alignment=&#8220;center&#8220; module_alignment_last_edited=&#8220;off|desktop&#8220; global_colors_info=&#8220;{}&#8220;][\/et_pb_video][\/et_pb_column][\/et_pb_row][\/et_pb_section][et_pb_section fb_built=&#8220;1&#8243; _builder_version=&#8220;4.20.2&#8243; _module_preset=&#8220;default&#8220; global_colors_info=&#8220;{}&#8220;][et_pb_row _builder_version=&#8220;4.20.2&#8243; _module_preset=&#8220;default&#8220; global_colors_info=&#8220;{}&#8220;][et_pb_column type=&#8220;4_4&#8243; _builder_version=&#8220;4.20.2&#8243; _module_preset=&#8220;default&#8220; global_colors_info=&#8220;{}&#8220;][et_pb_text _builder_version=&#8220;4.20.2&#8243; _module_preset=&#8220;default&#8220; global_colors_info=&#8220;{}&#8220;]<\/p>\n<h2 style=\"text-align: center;\"><span>bleiben sie up to date!<\/span><\/h2>\n<p>[\/et_pb_text][\/et_pb_column][\/et_pb_row][et_pb_row _builder_version=&#8220;4.20.2&#8243; _module_preset=&#8220;default&#8220; custom_padding=&#8220;0px||0px||true|false&#8220; global_colors_info=&#8220;{}&#8220;][et_pb_column type=&#8220;4_4&#8243; _builder_version=&#8220;4.20.2&#8243; _module_preset=&#8220;default&#8220; global_colors_info=&#8220;{}&#8220;][et_pb_text _builder_version=&#8220;4.20.2&#8243; _module_preset=&#8220;default&#8220; global_colors_info=&#8220;{}&#8220;]<\/p>\n<p style=\"text-align: center;\"><span>Sie wollen keine Termine und Neuigkeiten rund um unsere Veranstaltungen verpassen?<\/span><br \/><span>Dann melden Sie sich zu unserem Newsletter an!<\/span><\/p>\n<p>[\/et_pb_text][et_pb_button button_text=&#8220;ZUR NEWSLETTER-ANMELDUNG&#8220; button_alignment=&#8220;center&#8220; _builder_version=&#8220;4.27.4&#8243; _module_preset=&#8220;default&#8220; custom_button=&#8220;on&#8220; button_text_color=&#8220;#FFFFFF&#8220; button_bg_color=&#8220;#41ABE1&#8243; button_border_width=&#8220;0px&#8220; button_border_radius=&#8220;0px&#8220; animation_style=&#8220;flip&#8220; box_shadow_style=&#8220;preset3&#8243; global_colors_info=&#8220;{}&#8220;][\/et_pb_button][\/et_pb_column][\/et_pb_row][\/et_pb_section][et_pb_section fb_built=&#8220;1&#8243; disabled_on=&#8220;off|off|off&#8220; _builder_version=&#8220;4.21.0&#8243; _module_preset=&#8220;default&#8220; locked=&#8220;off&#8220; global_colors_info=&#8220;{}&#8220;][et_pb_row _builder_version=&#8220;4.21.0&#8243; _module_preset=&#8220;default&#8220; width=&#8220;100%&#8220; max_width=&#8220;100%&#8220; global_colors_info=&#8220;{}&#8220;][et_pb_column type=&#8220;4_4&#8243; _builder_version=&#8220;4.21.0&#8243; _module_preset=&#8220;default&#8220; global_colors_info=&#8220;{}&#8220;][et_pb_text _builder_version=&#8220;4.27.4&#8243; _module_preset=&#8220;default&#8220; width=&#8220;90%&#8220; module_alignment=&#8220;center&#8220; global_colors_info=&#8220;{}&#8220;]<\/p>\n<h2 style=\"text-align: center;\">Sponsoren &amp; Partner<\/h2>\n<div class='sponsor-gallery'>\n                <a href='https:\/\/www.pwc.de\/' class='sponsor-image' target='_blank' rel='nofollow'>\n                    <img loading=\"lazy\" decoding=\"async\" width=\"300\" height=\"193\" src=\"https:\/\/www.tec-deutschland.de\/wp-content\/uploads\/2023\/07\/1pwc_neu-300x193.png\" class=\"attachment-medium size-medium\" alt=\"Das Logo von PwC von 2025.\" \/>\n                <\/a>\n            \n                <a href='https:\/\/consumer.huawei.com\/de\/' class='sponsor-image' target='_blank' rel='nofollow'>\n                    <img loading=\"lazy\" decoding=\"async\" width=\"300\" height=\"297\" src=\"https:\/\/www.tec-deutschland.de\/wp-content\/uploads\/2023\/11\/Huawei-300x297.jpg\" class=\"attachment-medium size-medium\" alt=\"Huawei-Logo mit roter Bl\u00fcte und Schriftzug.\" \/>\n                <\/a>\n            \n                <a href='https:\/\/www.m3maco.com\/de\/' class='sponsor-image' target='_blank' rel='nofollow'>\n                    <img loading=\"lazy\" decoding=\"async\" width=\"300\" height=\"153\" src=\"https:\/\/www.tec-deutschland.de\/wp-content\/uploads\/2026\/02\/logo_m3_rgb-300x153.png\" class=\"attachment-medium size-medium\" alt=\"\" srcset=\"https:\/\/www.tec-deutschland.de\/wp-content\/uploads\/2026\/02\/logo_m3_rgb-300x153.png 300w, https:\/\/www.tec-deutschland.de\/wp-content\/uploads\/2026\/02\/logo_m3_rgb-18x9.png 18w, https:\/\/www.tec-deutschland.de\/wp-content\/uploads\/2026\/02\/logo_m3_rgb-60x31.png 60w, https:\/\/www.tec-deutschland.de\/wp-content\/uploads\/2026\/02\/logo_m3_rgb-100x51.png 100w, https:\/\/www.tec-deutschland.de\/wp-content\/uploads\/2026\/02\/logo_m3_rgb.png 396w\" sizes=\"(max-width: 300px) 100vw, 300px\" \/>\n                <\/a>\n            \n                <a href='https:\/\/dxc.com\/de\/de' class='sponsor-image' target='_blank' rel='nofollow'>\n                    <img loading=\"lazy\" decoding=\"async\" width=\"300\" height=\"212\" src=\"https:\/\/www.tec-deutschland.de\/wp-content\/uploads\/2025\/08\/dxc-logo-1-1-pdf-300x212.jpg\" class=\"attachment-medium size-medium\" alt=\"\" \/>\n                <\/a>\n            \n                <a href='https:\/\/eviden.com\/' class='sponsor-image' target='_blank' rel='nofollow'>\n                    <img loading=\"lazy\" decoding=\"async\" width=\"300\" height=\"121\" src=\"https:\/\/www.tec-deutschland.de\/wp-content\/uploads\/2023\/07\/Atos-neu-300x121.png\" class=\"attachment-medium size-medium\" alt=\"EVIDEN, ein Atos Gesch\u00e4ftsbereich_logo\" \/>\n                <\/a>\n            \n                <a href='https:\/\/riedel-networks.net\/' class='sponsor-image' target='_blank' rel='nofollow'>\n                    <img loading=\"lazy\" decoding=\"async\" width=\"261\" height=\"71\" src=\"https:\/\/www.tec-deutschland.de\/wp-content\/uploads\/2023\/06\/Riedel-Logo_RGB150-1.jpg\" class=\"attachment-medium size-medium\" alt=\"Riedel-Logo mit schwarz-roten Buchstaben und Punkt.\" srcset=\"https:\/\/www.tec-deutschland.de\/wp-content\/uploads\/2023\/06\/Riedel-Logo_RGB150-1.jpg 261w, https:\/\/www.tec-deutschland.de\/wp-content\/uploads\/2023\/06\/Riedel-Logo_RGB150-1-60x16.jpg 60w, https:\/\/www.tec-deutschland.de\/wp-content\/uploads\/2023\/06\/Riedel-Logo_RGB150-1-100x27.jpg 100w\" sizes=\"(max-width: 261px) 100vw, 261px\" \/>\n                <\/a>\n            \n                <a href='https:\/\/www.1st-solution-group.com\/' class='sponsor-image' target='_blank' rel='nofollow'>\n                    <img loading=\"lazy\" decoding=\"async\" width=\"288\" height=\"100\" src=\"https:\/\/www.tec-deutschland.de\/wp-content\/uploads\/2023\/03\/1ST_SO1-e1534850140309.jpg\" class=\"attachment-medium size-medium\" alt=\"1st Solution Firmenlogo mit Slogan\" srcset=\"https:\/\/www.tec-deutschland.de\/wp-content\/uploads\/2023\/03\/1ST_SO1-e1534850140309.jpg 288w, https:\/\/www.tec-deutschland.de\/wp-content\/uploads\/2023\/03\/1ST_SO1-e1534850140309-60x21.jpg 60w, https:\/\/www.tec-deutschland.de\/wp-content\/uploads\/2023\/03\/1ST_SO1-e1534850140309-100x35.jpg 100w\" sizes=\"(max-width: 288px) 100vw, 288px\" \/>\n                <\/a>\n            \n                <a href='https:\/\/www.purtel.com\/' class='sponsor-image' target='_blank' rel='nofollow'>\n                    <img loading=\"lazy\" decoding=\"async\" width=\"300\" height=\"141\" src=\"https:\/\/www.tec-deutschland.de\/wp-content\/uploads\/2026\/01\/purtel-300x141.png\" class=\"attachment-medium size-medium\" alt=\"\" \/>\n                <\/a>\n            \n                <a href='https:\/\/www.axians.de\/' class='sponsor-image' target='_blank' rel='nofollow'>\n                    <img loading=\"lazy\" decoding=\"async\" width=\"300\" height=\"89\" src=\"https:\/\/www.tec-deutschland.de\/wp-content\/uploads\/2026\/02\/log_axians_crvb-copie-300x89.png\" class=\"attachment-medium size-medium\" alt=\"\" \/>\n                <\/a>\n            \n                <a href='https:\/\/www.nokia.com\/de_int\/' class='sponsor-image' target='_blank' rel='nofollow'>\n                    <img loading=\"lazy\" decoding=\"async\" width=\"300\" height=\"68\" src=\"https:\/\/www.tec-deutschland.de\/wp-content\/uploads\/2023\/03\/NOKIA_rgb-002-300x68.png\" class=\"attachment-medium size-medium\" alt=\"Nokia-Logo in Blaut\u00f6nen auf gr\u00fcnem Hintergrund.\" \/>\n                <\/a>\n            \n                <a href='https:\/\/www.gasline.de\/' class='sponsor-image' target='_blank' rel='nofollow'>\n                    <img loading=\"lazy\" decoding=\"async\" width=\"283\" height=\"235\" src=\"https:\/\/www.tec-deutschland.de\/wp-content\/uploads\/2025\/01\/gasline.png\" class=\"attachment-medium size-medium\" alt=\"\" srcset=\"https:\/\/www.tec-deutschland.de\/wp-content\/uploads\/2025\/01\/gasline.png 283w, https:\/\/www.tec-deutschland.de\/wp-content\/uploads\/2025\/01\/gasline-14x12.png 14w, https:\/\/www.tec-deutschland.de\/wp-content\/uploads\/2025\/01\/gasline-60x50.png 60w, https:\/\/www.tec-deutschland.de\/wp-content\/uploads\/2025\/01\/gasline-100x83.png 100w\" sizes=\"(max-width: 283px) 100vw, 283px\" \/>\n                <\/a>\n            \n                <a href='https:\/\/www.crealog.com\/de' class='sponsor-image' target='_blank' rel='nofollow'>\n                    <img loading=\"lazy\" decoding=\"async\" width=\"300\" height=\"51\" src=\"https:\/\/www.tec-deutschland.de\/wp-content\/uploads\/2023\/03\/crealog-300x51.png\" class=\"attachment-medium size-medium\" alt=\"CreaLog-Logo mit stilisiertem Schriftzug und orange-gelbem Akzent.\" \/>\n                <\/a>\n            \n                <a href='https:\/\/mediaan.com\/de' class='sponsor-image' target='_blank' rel='nofollow'>\n                    <img loading=\"lazy\" decoding=\"async\" width=\"300\" height=\"146\" src=\"https:\/\/www.tec-deutschland.de\/wp-content\/uploads\/2023\/03\/Mediaan-Logo-mit-Claim-300x146.png\" class=\"attachment-medium size-medium\" alt=\"mediaan Logo mit Slogan &#039;technology that makes a difference&#039;\" \/>\n                <\/a>\n            \n                <a href='https:\/\/brekoverband.de\/' class='sponsor-image' target='_blank' rel='nofollow'>\n                    <img loading=\"lazy\" decoding=\"async\" width=\"300\" height=\"94\" src=\"https:\/\/www.tec-deutschland.de\/wp-content\/uploads\/2023\/03\/BREKO_2-300x94.png\" class=\"attachment-medium size-medium\" alt=\"BREKO Verbandslogo f\u00fcr Breitbandkommunikation in Deutschland.\" \/>\n                <\/a>\n            \n                <a href='http:\/\/www.buglas.de\/' class='sponsor-image' target='_blank' rel='nofollow'>\n                    <img loading=\"lazy\" decoding=\"async\" width=\"300\" height=\"85\" src=\"https:\/\/www.tec-deutschland.de\/wp-content\/uploads\/2023\/03\/BUGLAS_Logo-300x85.png\" class=\"attachment-medium size-medium\" alt=\"Logo des Bundesverbands Glasfaseranschluss e.V., BUGLAS.\" \/>\n                <\/a>\n            \n                <a href='https:\/\/www.eco.de\/' class='sponsor-image' target='_blank' rel='nofollow'>\n                    <img loading=\"lazy\" decoding=\"async\" width=\"300\" height=\"240\" src=\"https:\/\/www.tec-deutschland.de\/wp-content\/uploads\/2023\/03\/eco_Logo_red-300x240.png\" class=\"attachment-medium size-medium\" alt=\"Eco-Logo, Internetwirtschaftsverband Schriftzug\" \/>\n                <\/a>\n            \n                <a href='https:\/\/www.vatm.de\/' class='sponsor-image' target='_blank' rel='nofollow'>\n                    <img loading=\"lazy\" decoding=\"async\" width=\"300\" height=\"120\" src=\"https:\/\/www.tec-deutschland.de\/wp-content\/uploads\/2025\/08\/vatm-neu-300x120.png\" class=\"attachment-medium size-medium\" alt=\"\" \/>\n                <\/a>\n            \n                <a href='https:\/\/www.connect.de\/' class='sponsor-image' target='_blank' rel='nofollow'>\n                    <img loading=\"lazy\" decoding=\"async\" width=\"300\" height=\"86\" src=\"https:\/\/www.tec-deutschland.de\/wp-content\/uploads\/2023\/03\/connect2-300x86.jpg\" class=\"attachment-medium size-medium\" alt=\"Wei\u00dfer &quot;connect&quot;-Schriftzug auf blauem Hintergrund.\" \/>\n                <\/a>\n            \n                <a href='https:\/\/www.connect-professional.de\/' class='sponsor-image' target='_blank' rel='nofollow'>\n                    <img loading=\"lazy\" decoding=\"async\" width=\"300\" height=\"136\" src=\"https:\/\/www.tec-deutschland.de\/wp-content\/uploads\/2023\/08\/15-connect-300x136.jpg\" class=\"attachment-medium size-medium\" alt=\"Logo &quot;connect professional&quot; in Schwarz-Grau.\" \/>\n                <\/a>\n            \n                <a href='https:\/\/www.net-im-web.de\/' class='sponsor-image' target='_blank' rel='nofollow'>\n                    <img loading=\"lazy\" decoding=\"async\" width=\"283\" height=\"120\" src=\"https:\/\/www.tec-deutschland.de\/wp-content\/uploads\/2023\/03\/NET_LO2.jpg\" class=\"attachment-medium size-medium\" alt=\"NET Zeitschrift Kommunikationsmanagement Logo\" srcset=\"https:\/\/www.tec-deutschland.de\/wp-content\/uploads\/2023\/03\/NET_LO2.jpg 283w, https:\/\/www.tec-deutschland.de\/wp-content\/uploads\/2023\/03\/NET_LO2-60x25.jpg 60w, https:\/\/www.tec-deutschland.de\/wp-content\/uploads\/2023\/03\/NET_LO2-100x42.jpg 100w\" sizes=\"(max-width: 283px) 100vw, 283px\" \/>\n                <\/a>\n            \n                <a href='https:\/\/portel.de\/' class='sponsor-image' target='_blank' rel='nofollow'>\n                    <img loading=\"lazy\" decoding=\"async\" width=\"300\" height=\"50\" src=\"https:\/\/www.tec-deutschland.de\/wp-content\/uploads\/2023\/03\/Portel-300x50.png\" class=\"attachment-medium size-medium\" alt=\"Logo von Sportel.de mit rotem Akzent\" \/>\n                <\/a>\n            \n                <a href='https:\/\/www.boecker-ziemen.de\/' class='sponsor-image' target='_blank' rel='nofollow'>\n                    <img loading=\"lazy\" decoding=\"async\" width=\"300\" height=\"81\" src=\"https:\/\/www.tec-deutschland.de\/wp-content\/uploads\/2023\/03\/bz_positiv-300x81.png\" class=\"attachment-medium size-medium\" alt=\"Logo von &quot;B\u00f6cker Ziemen&quot; in Wei\u00df auf Grau.\" \/>\n                <\/a>\n            <\/div>\n<p>[\/et_pb_text][\/et_pb_column][\/et_pb_row][\/et_pb_section][et_pb_section fb_built=&#8220;1&#8243; _builder_version=&#8220;4.21.0&#8243; _module_preset=&#8220;default&#8220; custom_padding=&#8220;0px||0px||true|false&#8220; global_colors_info=&#8220;{}&#8220;][et_pb_row _builder_version=&#8220;4.21.0&#8243; _module_preset=&#8220;default&#8220; width=&#8220;100%&#8220; max_width=&#8220;100%&#8220; custom_margin=&#8220;0px|0px|0px|0px|true|true&#8220; custom_padding=&#8220;0px|0px|0px|0px|true|true&#8220; global_colors_info=&#8220;{}&#8220;][et_pb_column type=&#8220;4_4&#8243; _builder_version=&#8220;4.20.2&#8243; _module_preset=&#8220;default&#8220; background_image=&#8220;https:\/\/www.tec-deutschland.de\/wp-content\/uploads\/2023\/03\/bg_bz.jpg&#8220; custom_padding=&#8220;64px|32px|64px|32px|true|true&#8220; custom_css_main_element=&#8220;width: 100%;&#8220; global_colors_info=&#8220;{}&#8220;][et_pb_image src=&#8220;https:\/\/www.tec-deutschland.de\/wp-content\/uploads\/2023\/03\/Boecker-Ziemen-Management-Consultants.svg&#8220; alt=&#8220;B\u00f6cker Ziemen Management Consultants&#8220; title_text=&#8220;Boecker-Ziemen-Management-Consultants&#8220; _builder_version=&#8220;4.20.2&#8243; _module_preset=&#8220;default&#8220; max_width=&#8220;100px&#8220; global_colors_info=&#8220;{}&#8220;][\/et_pb_image][et_pb_text _builder_version=&#8220;4.20.2&#8243; _module_preset=&#8220;default&#8220; text_font_size=&#8220;25px&#8220; background_layout=&#8220;dark&#8220; global_colors_info=&#8220;{}&#8220;]<\/p>\n<p><span>Die Experten im Bereich Digitalisierung und Kundenbeziehungsmanagement<\/span><\/p>\n<p>[\/et_pb_text][et_pb_button button_url=&#8220;https:\/\/www.boecker-ziemen.de\/&#8220; url_new_window=&#8220;on&#8220; button_text=&#8220;Mehr Erfahren&#8220; _builder_version=&#8220;4.27.4&#8243; _module_preset=&#8220;default&#8220; background_layout=&#8220;dark&#8220; animation_style=&#8220;flip&#8220; custom_css_main_element=&#8220;border-radius: 0px;&#8220; box_shadow_style=&#8220;preset3&#8243; global_colors_info=&#8220;{}&#8220;][\/et_pb_button][\/et_pb_column][\/et_pb_row][\/et_pb_section]<\/p>\n","protected":false},"excerpt":{"rendered":"<p>Erfahren Sie mehr \u00fcber uns &nbsp;BitteScrollentelecommunications executive circleDer Telecommunications Executive Circle (TEC) ist eine Veranstaltungsreihe f\u00fcr F\u00fchrungskr\u00e4fte der TK-Industrie. In diesem Rahmen finden dieses Jahr 4 Veranstaltungen statt. Ziel ist es, einen Erfahrungsaustausch zu aktuellen branchenspezifischen Themen zu erm\u00f6glichen. Im Fokus des Circles stehen dabei Themen, die gegenw\u00e4rtig f\u00fcr die TK-Unternehmen im Brennpunkt stehen und [&hellip;]<\/p>\n","protected":false},"author":3,"featured_media":0,"parent":0,"menu_order":0,"comment_status":"closed","ping_status":"closed","template":"","meta":{"_acf_changed":false,"_seopress_robots_primary_cat":"","_seopress_titles_title":"TEC - \u00dcber uns","_seopress_titles_desc":"","_seopress_robots_index":"","_et_pb_use_builder":"on","_et_pb_old_content":"","_et_gb_content_width":"","footnotes":""},"class_list":["post-978","page","type-page","status-publish","hentry"],"acf":[],"_links":{"self":[{"href":"https:\/\/www.tec-deutschland.de\/en\/wp-json\/wp\/v2\/pages\/978","targetHints":{"allow":["GET"]}}],"collection":[{"href":"https:\/\/www.tec-deutschland.de\/en\/wp-json\/wp\/v2\/pages"}],"about":[{"href":"https:\/\/www.tec-deutschland.de\/en\/wp-json\/wp\/v2\/types\/page"}],"author":[{"embeddable":true,"href":"https:\/\/www.tec-deutschland.de\/en\/wp-json\/wp\/v2\/users\/3"}],"replies":[{"embeddable":true,"href":"https:\/\/www.tec-deutschland.de\/en\/wp-json\/wp\/v2\/comments?post=978"}],"version-history":[{"count":30,"href":"https:\/\/www.tec-deutschland.de\/en\/wp-json\/wp\/v2\/pages\/978\/revisions"}],"predecessor-version":[{"id":2110,"href":"https:\/\/www.tec-deutschland.de\/en\/wp-json\/wp\/v2\/pages\/978\/revisions\/2110"}],"wp:attachment":[{"href":"https:\/\/www.tec-deutschland.de\/en\/wp-json\/wp\/v2\/media?parent=978"}],"curies":[{"name":"wp","href":"https:\/\/api.w.org\/{rel}","templated":true}]}}