{"id":1412,"date":"2025-01-23T16:34:16","date_gmt":"2025-01-23T15:34:16","guid":{"rendered":"https:\/\/www.tec-deutschland.de\/?post_type=veranstaltung&#038;p=1412"},"modified":"2025-03-13T16:27:03","modified_gmt":"2025-03-13T15:27:03","slug":"neuausrichtung-der-wertschoepfung-driften-das-b2c-und-b2b-geschaeft-auseinander","status":"publish","type":"veranstaltung","link":"https:\/\/www.tec-deutschland.de\/en\/blog\/event\/neuausrichtung-der-wertschoepfung-driften-das-b2c-und-b2b-geschaeft-auseinander\/","title":{"rendered":"Neuausrichtung der Wertsch\u00f6pfung \u2013 Driften das B2C- und B2B-Gesch\u00e4ft auseinander?"},"content":{"rendered":"<p>[et_pb_section fb_built=&#8220;1&#8243; _builder_version=&#8220;4.27.2&#8243; _module_preset=&#8220;default&#8220; background_image=&#8220;https:\/\/www.tec-deutschland.de\/wp-content\/uploads\/2024\/09\/tec_slide-bg_01.jpg&#8220; min_height=&#8220;100vh&#8220; custom_padding=&#8220;0px||0px||true|false&#8220; custom_css_main_element=&#8220;background-attachment: fixed;&#8220; locked=&#8220;off&#8220; global_colors_info=&#8220;{}&#8220; custom_css_main_element_last_edited=&#8220;on|tablet&#8220; custom_css_main_element_tablet=&#8220;background-attachment: scroll;&#8220; custom_css_main_element_phone=&#8220;background-attachment: scroll;&#8220;][et_pb_row admin_label=&#8220;Zeile&#8220; _builder_version=&#8220;4.20.2&#8243; _module_preset=&#8220;default&#8220; background_color=&#8220;RGBA(255,255,255,0)&#8220; min_height=&#8220;100vh&#8220; custom_padding=&#8220;0px||0px||true|false&#8220; global_colors_info=&#8220;{}&#8220;][et_pb_column type=&#8220;4_4&#8243; _builder_version=&#8220;4.20.2&#8243; _module_preset=&#8220;default&#8220; global_colors_info=&#8220;{}&#8220;][et_pb_slider admin_label=&#8220;Slider&#8220; _builder_version=&#8220;4.21.0&#8243; _module_preset=&#8220;default&#8220; body_font=&#8220;Sans Regular||||||||&#8220; background_color=&#8220;RGBA(255,255,255,0)&#8220; custom_button=&#8220;on&#8220; button_text_color=&#8220;#FFFFFF&#8220; button_bg_color=&#8220;#41ABE1&#8243; button_border_width=&#8220;0px&#8220; button_border_color=&#8220;RGBA(255,255,255,0)&#8220; button_border_radius=&#8220;0px&#8220; button_alignment=&#8220;center&#8220; min_height=&#8220;100vh&#8220; global_colors_info=&#8220;{}&#8220;][et_pb_slide button_text=&#8220;Mehr Erfahren&#8220; _builder_version=&#8220;4.21.0&#8243; _module_preset=&#8220;default&#8220; header_font_size_tablet=&#8220;32px&#8220; header_font_size_phone=&#8220;24px&#8220; header_font_size_last_edited=&#8220;on|phone&#8220; global_colors_info=&#8220;{}&#8220; sticky_transition=&#8220;on&#8220;]<\/p>\n<h1>Neuausrichtung der wertsch\u00f6pfung<\/h1>\n<h1>&#8211;<\/h1>\n<h1>\u00a0driften das b2c- und<\/h1>\n<h1>das b2b-gesch\u00e4ft auseinander?<\/h1>\n<p>12. M\u00c4RZ 2025: PWC ECLIPSE IN D\u00dcSSELDORF<\/p>\n<p>[\/et_pb_slide][\/et_pb_slider][\/et_pb_column][\/et_pb_row][et_pb_row module_id=&#8220;hero-scroll&#8220; _builder_version=&#8220;4.20.2&#8243; _module_preset=&#8220;default&#8220; width=&#8220;100%&#8220; max_width=&#8220;100%&#8220; global_colors_info=&#8220;{}&#8220;][et_pb_column type=&#8220;4_4&#8243; _builder_version=&#8220;4.20.2&#8243; _module_preset=&#8220;default&#8220; global_colors_info=&#8220;{}&#8220;][et_pb_text _builder_version=&#8220;4.20.2&#8243; _module_preset=&#8220;default&#8220; text_font=&#8220;Sans Regular|||on|||||&#8220; text_text_color=&#8220;#FFFFFF&#8220; text_font_size=&#8220;14px&#8220; text_line_height=&#8220;1.2em&#8220; custom_margin=&#8220;0px||0px||true|false&#8220; global_colors_info=&#8220;{}&#8220;]<\/p>\n<p style=\"text-align: center;\">Bitte<br \/>Scrollen<\/p>\n<p>[\/et_pb_text][et_pb_icon font_icon=&#8220;&#x22;||divi||400&#8243; icon_color=&#8220;#FFFFFF&#8220; icon_width=&#8220;30px&#8220; _builder_version=&#8220;4.20.2&#8243; _module_preset=&#8220;default&#8220; global_colors_info=&#8220;{}&#8220;][\/et_pb_icon][\/et_pb_column][\/et_pb_row][\/et_pb_section][et_pb_section fb_built=&#8220;1&#8243; _builder_version=&#8220;4.21.0&#8243; _module_preset=&#8220;default&#8220; locked=&#8220;off&#8220; global_colors_info=&#8220;{}&#8220;][et_pb_row _builder_version=&#8220;4.21.0&#8243; _module_preset=&#8220;default&#8220; global_colors_info=&#8220;{}&#8220;][et_pb_column type=&#8220;4_4&#8243; _builder_version=&#8220;4.21.0&#8243; _module_preset=&#8220;default&#8220; global_colors_info=&#8220;{}&#8220;][et_pb_text _builder_version=&#8220;4.27.2&#8243; _module_preset=&#8220;default&#8220; global_colors_info=&#8220;{}&#8220;]<\/p>\n<h2 style=\"text-align: center;\">TEC-VERANSTALTUNG<\/h2>\n<h3 style=\"text-align: center;\"><span>Neuausrichtung der Wertsch\u00f6pfung \u2013 <\/span><\/h3>\n<h3 style=\"text-align: center;\"><span>Driften das B2C- und B2B-Gesch\u00e4ft auseinander?<\/span><\/h3>\n<p>[\/et_pb_text][\/et_pb_column][\/et_pb_row][et_pb_row column_structure=&#8220;1_2,1_2&#8243; _builder_version=&#8220;4.21.0&#8243; _module_preset=&#8220;default&#8220; global_colors_info=&#8220;{}&#8220;][et_pb_column type=&#8220;1_2&#8243; _builder_version=&#8220;4.21.0&#8243; _module_preset=&#8220;default&#8220; global_colors_info=&#8220;{}&#8220;][et_pb_text _builder_version=&#8220;4.27.2&#8243; _module_preset=&#8220;default&#8220; global_colors_info=&#8220;{}&#8220;]<\/p>\n<p class=\"x_xmsonormal\" data-olk-copy-source=\"MessageBody\">Die enge Verzahnung in der Wertsch\u00f6pfungskette von Privat- und Gesch\u00e4ftskunden hat in der Telekommunikation eine lange Tradition. Eine Infrastruktur, die von diesen beiden Segmenten genutzt wird, auch wenn sich die angebotenen Leistungen deutlich unterscheiden.<\/p>\n<p class=\"x_xmsonormal\" aria-hidden=\"true\">\n<p class=\"x_xmsonormal\">Diese Symbiose wird zunehmend in Frage gestellt. Um m\u00f6glichst profitabel in beiden Segmenten zu sein, werden beide Gesch\u00e4ftsbereiche zunehmend auseinandergezogen. Das Privatkundengesch\u00e4ft m\u00f6glichst digital und automatisiert. Bei Gesch\u00e4ftskunden darf es gern individueller sein \u2013 TK- und IT-L\u00f6sungen werden nach Bedarf kombiniert.<\/p>\n<p>[\/et_pb_text][\/et_pb_column][et_pb_column type=&#8220;1_2&#8243; _builder_version=&#8220;4.21.0&#8243; _module_preset=&#8220;default&#8220; global_colors_info=&#8220;{}&#8220;][et_pb_text _builder_version=&#8220;4.27.2&#8243; _module_preset=&#8220;default&#8220; global_colors_info=&#8220;{}&#8220;]<\/p>\n<p class=\"x_xmsonormal\" data-olk-copy-source=\"MessageBody\"><strong>Folgende Fragen m\u00f6chten wir mit Ihnen und unseren Experten gemeinsam diskutieren:<\/strong><\/p>\n<p class=\"x_xmsonormal\" data-olk-copy-source=\"MessageBody\">\n<ol type=\"1\" start=\"1\">\n<li class=\"x_xmsonormal\">Welche Ver\u00e4nderungen in der Wertsch\u00f6pfungskette zeichnen sich im B2C- und B2B-Gesch\u00e4ft ab?<\/li>\n<li class=\"x_xmsonormal\">Was beeinflusst die Neuausrichtung in beiden Segmenten?<\/li>\n<li class=\"x_xmsonormal\">Welche Unterschiede oder Gemeinsamkeiten lassen sich erkennen?<\/li>\n<li class=\"x_xmsonormal\">Welche Chancen und Risiken ergeben sich aus einer m\u00f6glichen Abgrenzung oder Ann\u00e4herung von B2B- und B2C-Gesch\u00e4ften?<\/li>\n<\/ol>\n<p>[\/et_pb_text][\/et_pb_column][\/et_pb_row][et_pb_row _builder_version=&#8220;4.23.4&#8243; _module_preset=&#8220;default&#8220; global_colors_info=&#8220;{}&#8220;][et_pb_column type=&#8220;4_4&#8243; _builder_version=&#8220;4.23.4&#8243; _module_preset=&#8220;default&#8220; global_colors_info=&#8220;{}&#8220;][et_pb_text _builder_version=&#8220;4.27.2&#8243; _module_preset=&#8220;default&#8220; global_colors_info=&#8220;{}&#8220;]<\/p>\n<p style=\"text-align: center;\"><strong>Hier gehts zur <a href=\"https:\/\/www.tec-anmeldung.de\/bookTicketForEvent?eventId=578943\">Anmeldung!<\/a><\/strong><\/p>\n<p>[\/et_pb_text][\/et_pb_column][\/et_pb_row][\/et_pb_section][et_pb_section fb_built=&#8220;1&#8243; disabled_on=&#8220;off|off|off&#8220; _builder_version=&#8220;4.21.0&#8243; _module_preset=&#8220;default&#8220; locked=&#8220;off&#8220; global_colors_info=&#8220;{}&#8220;][et_pb_row disabled_on=&#8220;off|off|off&#8220; _builder_version=&#8220;4.21.0&#8243; _module_preset=&#8220;default&#8220; global_colors_info=&#8220;{}&#8220;][et_pb_column type=&#8220;4_4&#8243; _builder_version=&#8220;4.21.0&#8243; _module_preset=&#8220;default&#8220; global_colors_info=&#8220;{}&#8220;][et_pb_text _builder_version=&#8220;4.21.0&#8243; _module_preset=&#8220;default&#8220; global_colors_info=&#8220;{}&#8220;]<\/p>\n<h2 style=\"text-align: center;\">Sprecher<\/h2>\n<div class=\"rwmb-field rwmb-custom_html-wrapper child-group dp--on-load__hide conditions trigger-location dp--shortcode dp--show-shortcode-box dp-monaco-box\">\n<div class=\"rwmb-input\">\n<div class=\"shortcode\">\n<div class=\"rwmb-field rwmb-custom_html-wrapper child-group dp--on-load__hide conditions trigger-location dp--shortcode dp--show-shortcode-box dp-monaco-box\">\n<div class=\"rwmb-input\">\n<div class=\"shortcode\"><\/div>\n<\/div>\n<\/div>\n<\/div>\n<\/div>\n<\/div>\n<p>[\/et_pb_text][\/et_pb_column][\/et_pb_row][et_pb_row _builder_version=&#8220;4.21.0&#8243; _module_preset=&#8220;default&#8220; global_colors_info=&#8220;{}&#8220;][et_pb_column type=&#8220;4_4&#8243; _builder_version=&#8220;4.21.0&#8243; _module_preset=&#8220;default&#8220; global_colors_info=&#8220;{}&#8220;][et_pb_image src=&#8220;https:\/\/www.tec-deutschland.de\/wp-content\/uploads\/2024\/05\/jens-boecker-rund.png&#8220; alt=&#8220;L\u00e4chelnder Mann in Anzug mit Brille&#8220; title_text=&#8220;Jens B\u00f6cker rund&#8220; align=&#8220;center&#8220; _builder_version=&#8220;4.27.2&#8243; _module_preset=&#8220;default&#8220; max_width=&#8220;20%&#8220; max_width_tablet=&#8220;40%&#8220; max_width_phone=&#8220;60%&#8220; max_width_last_edited=&#8220;on|phone&#8220; module_alignment=&#8220;center&#8220; max_height_tablet=&#8220;332px&#8220; max_height_phone=&#8220;332px&#8220; max_height_last_edited=&#8220;on|phone&#8220; global_colors_info=&#8220;{}&#8220;][\/et_pb_image][et_pb_text _builder_version=&#8220;4.24.0&#8243; _module_preset=&#8220;default&#8220; text_font_size=&#8220;15px&#8220; text_line_height=&#8220;1em&#8220; global_colors_info=&#8220;{}&#8220;]<\/p>\n<p style=\"text-align: center;\"><strong>Prof. Dr. Jens B\u00f6cker<\/strong><\/p>\n<p style=\"text-align: center;\">Moderation<\/p>\n<p>[\/et_pb_text][\/et_pb_column][\/et_pb_row][\/et_pb_section][et_pb_section fb_built=&#8220;1&#8243; _builder_version=&#8220;4.21.0&#8243; _module_preset=&#8220;default&#8220; locked=&#8220;off&#8220; global_colors_info=&#8220;{}&#8220;][et_pb_row _builder_version=&#8220;4.21.0&#8243; _module_preset=&#8220;default&#8220; global_colors_info=&#8220;{}&#8220;][et_pb_column type=&#8220;4_4&#8243; _builder_version=&#8220;4.21.0&#8243; _module_preset=&#8220;default&#8220; global_colors_info=&#8220;{}&#8220;][et_pb_text _builder_version=&#8220;4.21.0&#8243; _module_preset=&#8220;default&#8220; global_colors_info=&#8220;{}&#8220;]<\/p>\n<h2 style=\"text-align: center;\">Timetable<\/h2>\n<p>[\/et_pb_text][\/et_pb_column][\/et_pb_row][et_pb_row _builder_version=&#8220;4.21.0&#8243; _module_preset=&#8220;default&#8220; global_colors_info=&#8220;{}&#8220;][et_pb_column type=&#8220;4_4&#8243; _builder_version=&#8220;4.21.0&#8243; _module_preset=&#8220;default&#8220; global_colors_info=&#8220;{}&#8220;][et_pb_accordion _builder_version=&#8220;4.27.2&#8243; _module_preset=&#8220;default&#8220; global_colors_info=&#8220;{}&#8220;][et_pb_accordion_item title=&#8220;16:30 Uhr&#8220; open=&#8220;on&#8220; _builder_version=&#8220;4.27.2&#8243; _module_preset=&#8220;default&#8220; global_colors_info=&#8220;{}&#8220;]<\/p>\n<p><strong>Registrierung und Get-Together<\/strong><\/p>\n<p>[\/et_pb_accordion_item][et_pb_accordion_item title=&#8220;17:30 Uhr&#8220; _builder_version=&#8220;4.27.2&#8243; _module_preset=&#8220;default&#8220; global_colors_info=&#8220;{}&#8220; open=&#8220;off&#8220;]<\/p>\n<p><strong>Paneldiskussion<\/strong><\/p>\n<p>[\/et_pb_accordion_item][et_pb_accordion_item title=&#8220;19:00 Uhr&#8220; _builder_version=&#8220;4.27.2&#8243; _module_preset=&#8220;default&#8220; global_colors_info=&#8220;{}&#8220; open=&#8220;off&#8220;]<\/p>\n<p><strong>Networking bei warmem Abendessen<\/strong><\/p>\n<p>[\/et_pb_accordion_item][\/et_pb_accordion][\/et_pb_column][\/et_pb_row][\/et_pb_section][et_pb_section fb_built=&#8220;1&#8243; disabled_on=&#8220;off|off|off&#8220; _builder_version=&#8220;4.21.0&#8243; _module_preset=&#8220;default&#8220; locked=&#8220;off&#8220; global_colors_info=&#8220;{}&#8220;][et_pb_row _builder_version=&#8220;4.21.0&#8243; _module_preset=&#8220;default&#8220; global_colors_info=&#8220;{}&#8220;][et_pb_column type=&#8220;4_4&#8243; _builder_version=&#8220;4.21.0&#8243; _module_preset=&#8220;default&#8220; global_colors_info=&#8220;{}&#8220;][et_pb_text disabled_on=&#8220;off|off|off&#8220; _builder_version=&#8220;4.21.0&#8243; _module_preset=&#8220;default&#8220; global_colors_info=&#8220;{}&#8220;]<\/p>\n<h2 style=\"text-align: center;\">Sponsoren &amp; Partner<\/h2>\n<div class='sponsor-gallery'>\n                <a href='https:\/\/www.pwc.de\/' class='sponsor-image' target='_blank' rel='nofollow'>\n                    <img loading=\"lazy\" decoding=\"async\" width=\"300\" height=\"193\" src=\"https:\/\/www.tec-deutschland.de\/wp-content\/uploads\/2023\/07\/1pwc_neu-300x193.png\" class=\"attachment-medium size-medium\" alt=\"Das Logo von PwC von 2025.\" \/>\n                <\/a>\n            \n                <a href='https:\/\/consumer.huawei.com\/de\/' class='sponsor-image' target='_blank' rel='nofollow'>\n                    <img loading=\"lazy\" decoding=\"async\" width=\"300\" height=\"297\" src=\"https:\/\/www.tec-deutschland.de\/wp-content\/uploads\/2023\/11\/Huawei-300x297.jpg\" class=\"attachment-medium size-medium\" alt=\"Huawei-Logo mit roter Bl\u00fcte und Schriftzug.\" \/>\n                <\/a>\n            \n                <a href='https:\/\/www.gasline.de\/' class='sponsor-image' target='_blank' rel='nofollow'>\n                    <img loading=\"lazy\" decoding=\"async\" width=\"283\" height=\"235\" src=\"https:\/\/www.tec-deutschland.de\/wp-content\/uploads\/2025\/01\/gasline.png\" class=\"attachment-medium size-medium\" alt=\"\" srcset=\"https:\/\/www.tec-deutschland.de\/wp-content\/uploads\/2025\/01\/gasline.png 283w, https:\/\/www.tec-deutschland.de\/wp-content\/uploads\/2025\/01\/gasline-14x12.png 14w, https:\/\/www.tec-deutschland.de\/wp-content\/uploads\/2025\/01\/gasline-60x50.png 60w, https:\/\/www.tec-deutschland.de\/wp-content\/uploads\/2025\/01\/gasline-100x83.png 100w\" sizes=\"(max-width: 283px) 100vw, 283px\" \/>\n                <\/a>\n            \n                <a href='https:\/\/www.be-connected.eu\/' class='sponsor-image' target='_blank' rel='nofollow'>\n                    <img loading=\"lazy\" decoding=\"async\" width=\"300\" height=\"106\" src=\"https:\/\/www.tec-deutschland.de\/wp-content\/uploads\/2025\/01\/beyer-zugeschnitten-300x106.jpg\" class=\"attachment-medium size-medium\" alt=\"\" \/>\n                <\/a>\n            \n                <a href='https:\/\/eviden.com\/' class='sponsor-image' target='_blank' rel='nofollow'>\n                    <img loading=\"lazy\" decoding=\"async\" width=\"300\" height=\"121\" src=\"https:\/\/www.tec-deutschland.de\/wp-content\/uploads\/2023\/07\/Atos-neu-300x121.png\" class=\"attachment-medium size-medium\" alt=\"EVIDEN, ein Atos Gesch\u00e4ftsbereich_logo\" \/>\n                <\/a>\n            \n                <a href='https:\/\/riedel-networks.net\/' class='sponsor-image' target='_blank' rel='nofollow'>\n                    <img loading=\"lazy\" decoding=\"async\" width=\"261\" height=\"71\" src=\"https:\/\/www.tec-deutschland.de\/wp-content\/uploads\/2023\/06\/Riedel-Logo_RGB150-1.jpg\" class=\"attachment-medium size-medium\" alt=\"Riedel-Logo mit schwarz-roten Buchstaben und Punkt.\" srcset=\"https:\/\/www.tec-deutschland.de\/wp-content\/uploads\/2023\/06\/Riedel-Logo_RGB150-1.jpg 261w, https:\/\/www.tec-deutschland.de\/wp-content\/uploads\/2023\/06\/Riedel-Logo_RGB150-1-60x16.jpg 60w, https:\/\/www.tec-deutschland.de\/wp-content\/uploads\/2023\/06\/Riedel-Logo_RGB150-1-100x27.jpg 100w\" sizes=\"(max-width: 261px) 100vw, 261px\" \/>\n                <\/a>\n            \n                <a href='https:\/\/www.1st-solution-group.com\/' class='sponsor-image' target='_blank' rel='nofollow'>\n                    <img loading=\"lazy\" decoding=\"async\" width=\"288\" height=\"100\" src=\"https:\/\/www.tec-deutschland.de\/wp-content\/uploads\/2023\/03\/1ST_SO1-e1534850140309.jpg\" class=\"attachment-medium size-medium\" alt=\"1st Solution Firmenlogo mit Slogan\" srcset=\"https:\/\/www.tec-deutschland.de\/wp-content\/uploads\/2023\/03\/1ST_SO1-e1534850140309.jpg 288w, https:\/\/www.tec-deutschland.de\/wp-content\/uploads\/2023\/03\/1ST_SO1-e1534850140309-60x21.jpg 60w, https:\/\/www.tec-deutschland.de\/wp-content\/uploads\/2023\/03\/1ST_SO1-e1534850140309-100x35.jpg 100w\" sizes=\"(max-width: 288px) 100vw, 288px\" \/>\n                <\/a>\n            \n                <a href='https:\/\/www.de.cgi.com\/de' class='sponsor-image' target='_blank' rel='nofollow'>\n                    <img loading=\"lazy\" decoding=\"async\" width=\"300\" height=\"140\" src=\"https:\/\/www.tec-deutschland.de\/wp-content\/uploads\/2023\/03\/CGI_logo_color_rgb-300x140.jpg\" class=\"attachment-medium size-medium\" alt=\"Rotes CG-Logo Design\" \/>\n                <\/a>\n            \n                <a href='https:\/\/www.crealog.com\/de' class='sponsor-image' target='_blank' rel='nofollow'>\n                    <img loading=\"lazy\" decoding=\"async\" width=\"300\" height=\"51\" src=\"https:\/\/www.tec-deutschland.de\/wp-content\/uploads\/2023\/03\/crealog-300x51.png\" class=\"attachment-medium size-medium\" alt=\"CreaLog-Logo mit stilisiertem Schriftzug und orange-gelbem Akzent.\" \/>\n                <\/a>\n            \n                <a href='https:\/\/www.operational-services.de\/de\/' class='sponsor-image' target='_blank' rel='nofollow'>\n                    <img loading=\"lazy\" decoding=\"async\" width=\"300\" height=\"66\" src=\"https:\/\/www.tec-deutschland.de\/wp-content\/uploads\/2023\/03\/LOGOOP1-300x66.png\" class=\"attachment-medium size-medium\" alt=\"Logo von Operational Services, Ihr ICT-Partner.\" \/>\n                <\/a>\n            \n                <a href='https:\/\/mediaan.com\/de' class='sponsor-image' target='_blank' rel='nofollow'>\n                    <img loading=\"lazy\" decoding=\"async\" width=\"300\" height=\"146\" src=\"https:\/\/www.tec-deutschland.de\/wp-content\/uploads\/2023\/03\/Mediaan-Logo-mit-Claim-300x146.png\" class=\"attachment-medium size-medium\" alt=\"mediaan Logo mit Slogan &#039;technology that makes a difference&#039;\" \/>\n                <\/a>\n            \n                <a href='https:\/\/brekoverband.de\/' class='sponsor-image' target='_blank' rel='nofollow'>\n                    <img loading=\"lazy\" decoding=\"async\" width=\"300\" height=\"94\" src=\"https:\/\/www.tec-deutschland.de\/wp-content\/uploads\/2023\/03\/BREKO_2-300x94.png\" class=\"attachment-medium size-medium\" alt=\"BREKO Verbandslogo f\u00fcr Breitbandkommunikation in Deutschland.\" \/>\n                <\/a>\n            \n                <a href='http:\/\/www.buglas.de\/' class='sponsor-image' target='_blank' rel='nofollow'>\n                    <img loading=\"lazy\" decoding=\"async\" width=\"300\" height=\"85\" src=\"https:\/\/www.tec-deutschland.de\/wp-content\/uploads\/2023\/03\/BUGLAS_Logo-300x85.png\" class=\"attachment-medium size-medium\" alt=\"Logo des Bundesverbands Glasfaseranschluss e.V., BUGLAS.\" \/>\n                <\/a>\n            \n                <a href='https:\/\/www.eco.de\/' class='sponsor-image' target='_blank' rel='nofollow'>\n                    <img loading=\"lazy\" decoding=\"async\" width=\"300\" height=\"240\" src=\"https:\/\/www.tec-deutschland.de\/wp-content\/uploads\/2023\/03\/eco_Logo_red-300x240.png\" class=\"attachment-medium size-medium\" alt=\"Eco-Logo, Internetwirtschaftsverband Schriftzug\" \/>\n                <\/a>\n            \n                <a href='https:\/\/www.vatm.de\/' class='sponsor-image' target='_blank' rel='nofollow'>\n                    <img loading=\"lazy\" decoding=\"async\" width=\"300\" height=\"120\" src=\"https:\/\/www.tec-deutschland.de\/wp-content\/uploads\/2025\/08\/vatm-neu-300x120.png\" class=\"attachment-medium size-medium\" alt=\"\" \/>\n                <\/a>\n            \n                <a href='https:\/\/www.connect.de\/' class='sponsor-image' target='_blank' rel='nofollow'>\n                    <img loading=\"lazy\" decoding=\"async\" width=\"300\" height=\"86\" src=\"https:\/\/www.tec-deutschland.de\/wp-content\/uploads\/2023\/03\/connect2-300x86.jpg\" class=\"attachment-medium size-medium\" alt=\"Wei\u00dfer &quot;connect&quot;-Schriftzug auf blauem Hintergrund.\" \/>\n                <\/a>\n            \n                <a href='https:\/\/www.connect-professional.de\/' class='sponsor-image' target='_blank' rel='nofollow'>\n                    <img loading=\"lazy\" decoding=\"async\" width=\"300\" height=\"136\" src=\"https:\/\/www.tec-deutschland.de\/wp-content\/uploads\/2023\/08\/15-connect-300x136.jpg\" class=\"attachment-medium size-medium\" alt=\"Logo &quot;connect professional&quot; in Schwarz-Grau.\" \/>\n                <\/a>\n            \n                <a href='https:\/\/www.net-im-web.de\/' class='sponsor-image' target='_blank' rel='nofollow'>\n                    <img loading=\"lazy\" decoding=\"async\" width=\"283\" height=\"120\" src=\"https:\/\/www.tec-deutschland.de\/wp-content\/uploads\/2023\/03\/NET_LO2.jpg\" class=\"attachment-medium size-medium\" alt=\"NET Zeitschrift Kommunikationsmanagement Logo\" srcset=\"https:\/\/www.tec-deutschland.de\/wp-content\/uploads\/2023\/03\/NET_LO2.jpg 283w, https:\/\/www.tec-deutschland.de\/wp-content\/uploads\/2023\/03\/NET_LO2-60x25.jpg 60w, https:\/\/www.tec-deutschland.de\/wp-content\/uploads\/2023\/03\/NET_LO2-100x42.jpg 100w\" sizes=\"(max-width: 283px) 100vw, 283px\" \/>\n                <\/a>\n            \n                <a href='https:\/\/portel.de\/' class='sponsor-image' target='_blank' rel='nofollow'>\n                    <img loading=\"lazy\" decoding=\"async\" width=\"300\" height=\"50\" src=\"https:\/\/www.tec-deutschland.de\/wp-content\/uploads\/2023\/03\/Portel-300x50.png\" class=\"attachment-medium size-medium\" alt=\"Logo von Sportel.de mit rotem Akzent\" \/>\n                <\/a>\n            \n                <a href='https:\/\/www.boecker-ziemen.de\/' class='sponsor-image' target='_blank' rel='nofollow'>\n                    <img loading=\"lazy\" decoding=\"async\" width=\"300\" height=\"81\" src=\"https:\/\/www.tec-deutschland.de\/wp-content\/uploads\/2023\/03\/bz_positiv-300x81.png\" class=\"attachment-medium size-medium\" alt=\"Logo von &quot;B\u00f6cker Ziemen&quot; in Wei\u00df auf Grau.\" \/>\n                <\/a>\n            <\/div>\n<p>[\/et_pb_text][\/et_pb_column][\/et_pb_row][\/et_pb_section][et_pb_section fb_built=&#8220;1&#8243; disabled_on=&#8220;off|off|off&#8220; _builder_version=&#8220;4.21.0&#8243; _module_preset=&#8220;default&#8220; locked=&#8220;off&#8220; global_colors_info=&#8220;{}&#8220;][et_pb_row disabled_on=&#8220;off|off|off&#8220; _builder_version=&#8220;4.21.0&#8243; _module_preset=&#8220;default&#8220; global_colors_info=&#8220;{}&#8220;][et_pb_column type=&#8220;4_4&#8243; _builder_version=&#8220;4.21.0&#8243; _module_preset=&#8220;default&#8220; global_colors_info=&#8220;{}&#8220;][et_pb_code disabled_on=&#8220;on|on|on&#8220; _builder_version=&#8220;4.27.2&#8243; _module_preset=&#8220;default&#8220; global_colors_info=&#8220;{}&#8220; disabled=&#8220;on&#8220;]<iframe loading=\"lazy\" src=\"https:\/\/www.tec-anmeldung.de\/bookTicketForEvent?eventId=578943\" frameborder=\"0\" scrolling=\"no\" width=\"100%\" height=\"1200px\"><\/iframe>[\/et_pb_code][et_pb_map address=&#8220;Georg-Glock-Stra\u00dfe 22, 40474 D\u00fcsseldorf, Deutschland&#8220; zoom_level=&#8220;16&#8243; address_lat=&#8220;51.2509165&#8243; address_lng=&#8220;6.7705772&#8243; _builder_version=&#8220;4.27.2&#8243; _module_preset=&#8220;default&#8220; global_colors_info=&#8220;{}&#8220;][et_pb_map_pin pin_address=&#8220;Georg-Glock-Stra\u00dfe 22, 40474 D\u00fcsseldorf, Deutschland&#8220; pin_address_lat=&#8220;51.2509165&#8243; pin_address_lng=&#8220;6.7705772&#8243; _builder_version=&#8220;4.27.2&#8243; _module_preset=&#8220;default&#8220; global_colors_info=&#8220;{}&#8220;][\/et_pb_map_pin][\/et_pb_map][\/et_pb_column][\/et_pb_row][\/et_pb_section]<\/p>\n","protected":false},"template":"","meta":{"_acf_changed":false,"_seopress_robots_primary_cat":"","_seopress_titles_title":"","_seopress_titles_desc":"","_seopress_robots_index":"","_et_pb_use_builder":"on","_et_pb_old_content":"","_et_gb_content_width":""},"referent":[120,121,122,58,124],"class_list":["post-1412","veranstaltung","type-veranstaltung","status-publish","hentry","referent-armin-naghari","referent-dr-alexander-martin","referent-matthias-scholz","referent-peter-weichsel","referent-stephan-kalleder"],"acf":[],"_links":{"self":[{"href":"https:\/\/www.tec-deutschland.de\/en\/wp-json\/wp\/v2\/veranstaltung\/1412","targetHints":{"allow":["GET"]}}],"collection":[{"href":"https:\/\/www.tec-deutschland.de\/en\/wp-json\/wp\/v2\/veranstaltung"}],"about":[{"href":"https:\/\/www.tec-deutschland.de\/en\/wp-json\/wp\/v2\/types\/veranstaltung"}],"wp:attachment":[{"href":"https:\/\/www.tec-deutschland.de\/en\/wp-json\/wp\/v2\/media?parent=1412"}],"wp:term":[{"taxonomy":"referent","embeddable":true,"href":"https:\/\/www.tec-deutschland.de\/en\/wp-json\/wp\/v2\/referent?post=1412"}],"curies":[{"name":"wp","href":"https:\/\/api.w.org\/{rel}","templated":true}]}}