{"id":1586,"date":"2025-07-13T21:18:37","date_gmt":"2025-07-13T19:18:37","guid":{"rendered":"https:\/\/www.tec-deutschland.de\/?post_type=veranstaltung&#038;p=1586"},"modified":"2025-09-18T11:29:50","modified_gmt":"2025-09-18T09:29:50","slug":"strategischer-ausblick-auf-den-tk-markt-2026","status":"publish","type":"veranstaltung","link":"https:\/\/www.tec-deutschland.de\/en\/blog\/event\/strategischer-ausblick-auf-den-tk-markt-2026\/","title":{"rendered":"Strategischer Ausblick auf den TK-Markt 2026"},"content":{"rendered":"<p>[et_pb_section fb_built=&#8220;1&#8243; _builder_version=&#8220;4.27.2&#8243; _module_preset=&#8220;default&#8220; background_image=&#8220;https:\/\/www.tec-deutschland.de\/wp-content\/uploads\/2024\/09\/tec_slide-bg_01.jpg&#8220; min_height=&#8220;100vh&#8220; custom_padding=&#8220;0px||0px||true|false&#8220; custom_css_main_element=&#8220;background-attachment: fixed;&#8220; locked=&#8220;off&#8220; global_colors_info=&#8220;{}&#8220; custom_css_main_element_last_edited=&#8220;on|tablet&#8220; custom_css_main_element_tablet=&#8220;background-attachment: scroll;&#8220; custom_css_main_element_phone=&#8220;background-attachment: scroll;&#8220;][et_pb_row admin_label=&#8220;Zeile&#8220; _builder_version=&#8220;4.20.2&#8243; _module_preset=&#8220;default&#8220; background_color=&#8220;RGBA(255,255,255,0)&#8220; min_height=&#8220;100vh&#8220; custom_padding=&#8220;0px||0px||true|false&#8220; global_colors_info=&#8220;{}&#8220;][et_pb_column type=&#8220;4_4&#8243; _builder_version=&#8220;4.20.2&#8243; _module_preset=&#8220;default&#8220; global_colors_info=&#8220;{}&#8220;][et_pb_slider admin_label=&#8220;Slider&#8220; _builder_version=&#8220;4.21.0&#8243; _module_preset=&#8220;default&#8220; body_font=&#8220;Sans Regular||||||||&#8220; background_color=&#8220;RGBA(255,255,255,0)&#8220; custom_button=&#8220;on&#8220; button_text_color=&#8220;#FFFFFF&#8220; button_bg_color=&#8220;#41ABE1&#8243; button_border_width=&#8220;0px&#8220; button_border_color=&#8220;RGBA(255,255,255,0)&#8220; button_border_radius=&#8220;0px&#8220; button_alignment=&#8220;center&#8220; min_height=&#8220;100vh&#8220; global_colors_info=&#8220;{}&#8220;][et_pb_slide button_text=&#8220;Mehr Erfahren&#8220; _builder_version=&#8220;4.21.0&#8243; _module_preset=&#8220;default&#8220; header_font_size_tablet=&#8220;32px&#8220; header_font_size_phone=&#8220;24px&#8220; header_font_size_last_edited=&#8220;on|phone&#8220; global_colors_info=&#8220;{}&#8220; sticky_transition=&#8220;on&#8220;]<\/p>\n<h1><\/h1>\n<h1>TEC-Jahrestagung<\/h1>\n<h1>&#8211;<\/h1>\n<h1>Strategischer ausblick<\/h1>\n<h1>auf den tk-markt 2026<\/h1>\n<p>10. SEPTEMBER, 14:30 UHR: PwC ECLIPSE, D\u00dcSSELDORF<\/p>\n<p>[\/et_pb_slide][\/et_pb_slider][\/et_pb_column][\/et_pb_row][et_pb_row module_id=&#8220;hero-scroll&#8220; _builder_version=&#8220;4.20.2&#8243; _module_preset=&#8220;default&#8220; width=&#8220;100%&#8220; max_width=&#8220;100%&#8220; global_colors_info=&#8220;{}&#8220;][et_pb_column type=&#8220;4_4&#8243; _builder_version=&#8220;4.20.2&#8243; _module_preset=&#8220;default&#8220; global_colors_info=&#8220;{}&#8220;][et_pb_text _builder_version=&#8220;4.20.2&#8243; _module_preset=&#8220;default&#8220; text_font=&#8220;Sans Regular|||on|||||&#8220; text_text_color=&#8220;#FFFFFF&#8220; text_font_size=&#8220;14px&#8220; text_line_height=&#8220;1.2em&#8220; custom_margin=&#8220;0px||0px||true|false&#8220; global_colors_info=&#8220;{}&#8220;]<\/p>\n<p style=\"text-align: center;\">Bitte<br \/>Scrollen<\/p>\n<p>[\/et_pb_text][et_pb_icon font_icon=&#8220;&#x22;||divi||400&#8243; icon_color=&#8220;#FFFFFF&#8220; icon_width=&#8220;30px&#8220; _builder_version=&#8220;4.20.2&#8243; _module_preset=&#8220;default&#8220; global_colors_info=&#8220;{}&#8220;][\/et_pb_icon][\/et_pb_column][\/et_pb_row][\/et_pb_section][et_pb_section fb_built=&#8220;1&#8243; _builder_version=&#8220;4.21.0&#8243; _module_preset=&#8220;default&#8220; locked=&#8220;off&#8220; global_colors_info=&#8220;{}&#8220;][et_pb_row _builder_version=&#8220;4.21.0&#8243; _module_preset=&#8220;default&#8220; global_colors_info=&#8220;{}&#8220;][et_pb_column type=&#8220;4_4&#8243; _builder_version=&#8220;4.21.0&#8243; _module_preset=&#8220;default&#8220; global_colors_info=&#8220;{}&#8220;][et_pb_text _builder_version=&#8220;4.24.0&#8243; _module_preset=&#8220;default&#8220; global_colors_info=&#8220;{}&#8220;]<\/p>\n<h2 style=\"text-align: center;\">TEC-jAHRESTAGUNG<\/h2>\n<h3 style=\"text-align: center;\"><span><span class=\"ui-provider a b c d e f g h i j k l m n o p q r s t u v w x y z ab ac ae af ag ah ai aj ak\" dir=\"ltr\">StrategiSCHER AUSBLICK AUF DEN TK-MARKT 2026<\/span><\/span><\/h3>\n<p>[\/et_pb_text][\/et_pb_column][\/et_pb_row][et_pb_row column_structure=&#8220;1_2,1_2&#8243; _builder_version=&#8220;4.21.0&#8243; _module_preset=&#8220;default&#8220; global_colors_info=&#8220;{}&#8220;][et_pb_column type=&#8220;1_2&#8243; _builder_version=&#8220;4.21.0&#8243; _module_preset=&#8220;default&#8220; global_colors_info=&#8220;{}&#8220;][et_pb_text disabled_on=&#8220;off|off|off&#8220; _builder_version=&#8220;4.27.4&#8243; _module_preset=&#8220;default&#8220; global_colors_info=&#8220;{}&#8220;]<\/p>\n<p>Die Telekommunikationsbranche steht vor einem Wendepunkt: Infrastruktur, Gesch\u00e4ftsmodelle und Sicherheitsanforderungen entwickeln sich rasant weiter \u2013 getragen von technologischer Dynamik, politischer Aufmerksamkeit und wachsendem Wettbewerbsdruck.<\/p>\n<p>Wie kann der Infrastrukturausbau nachhaltig finanziert werden? Welche Gesch\u00e4ftsmodelle tragen k\u00fcnftig? Und wie sichern wir Resilienz und Innovationskraft in einem zunehmend kritischen Marktumfeld?<\/p>\n<p>Diese und weitere Fragen diskutieren wir gemeinsam mit f\u00fchrenden K\u00f6pfen aus Wirtschaft, Politik und Beh\u00f6rden auf der <strong>TEC-Jahrestagung 2025<\/strong> am <strong>10. September 2025 in D\u00fcsseldorf<\/strong>. Freuen Sie sich auf pointierte Analysen, praxisnahe Diskussionen und wertvolle Einblicke hinter die Kulissen einer Branche im Wandel.<\/p>\n<p>&nbsp;<\/p>\n<p>[\/et_pb_text][\/et_pb_column][et_pb_column type=&#8220;1_2&#8243; _builder_version=&#8220;4.21.0&#8243; _module_preset=&#8220;default&#8220; global_colors_info=&#8220;{}&#8220;][et_pb_text disabled_on=&#8220;off|off|off&#8220; _builder_version=&#8220;4.27.4&#8243; _module_preset=&#8220;default&#8220; global_colors_info=&#8220;{}&#8220;]<\/p>\n<p><strong>Die Panels im \u00dcberblick:<\/strong><\/p>\n<p><strong>Panel 1 \u2013 Herausforderungen 2026: Wohin steuert die TK-Industrie?<\/strong><br \/>Welche technologischen, regulatorischen und marktseitigen Entwicklungen werden 2026 pr\u00e4gend sein? Und wie k\u00f6nnen sich Netzbetreiber strategisch aufstellen, um Innovationsdruck und steigenden Kosten zu begegnen?<\/p>\n<p><strong>Panel 2 \u2013 Digitaler Infrastrukturausbau: Wo stehen die Business Cases heute?<\/strong><br \/>Was hat sich bew\u00e4hrt \u2013 was muss sich \u00e4ndern? Wir analysieren Nutzerverhalten, Refinanzierungsmodelle und den Einfluss von F\u00f6rderung und Regulierung auf die Investitionslandschaft.<\/p>\n<p><strong>Panel 3 \u2013 KRITIS: Wie sicher ist die digitale Infrastruktur?<\/strong><br \/>Wie ernst sind aktuelle Bedrohungsszenarien? Wo steht Deutschland in puncto Resilienz? Und was ist n\u00f6tig, damit Staat, Betreiber und Beh\u00f6rden im Ernstfall effektiv zusammenarbeiten?<\/p>\n<p><strong>Panel 4 \u2013 Regionale Player: Die neue Macht im TK-Markt?<\/strong><br \/>Was macht lokale und regionale Anbieter erfolgreich? Welche Chancen bieten sich im Wettbewerb mit den gro\u00dfen Konzernen? Und wie k\u00f6nnen Politik und Regulierung diese Netzbetreiber gezielt st\u00e4rken?<\/p>\n<p>[\/et_pb_text][\/et_pb_column][\/et_pb_row][et_pb_row _builder_version=&#8220;4.23.4&#8243; _module_preset=&#8220;default&#8220; global_colors_info=&#8220;{}&#8220;][et_pb_column type=&#8220;4_4&#8243; _builder_version=&#8220;4.23.4&#8243; _module_preset=&#8220;default&#8220; global_colors_info=&#8220;{}&#8220;][et_pb_text disabled_on=&#8220;off|off|off&#8220; _builder_version=&#8220;4.27.4&#8243; _module_preset=&#8220;default&#8220; global_colors_info=&#8220;{}&#8220;]<\/p>\n<p style=\"text-align: center;\">Nutzen Sie die Gelegenheit zum Austausch mit Entscheidungstr\u00e4gern und Experten der Branche.<\/p>\n<p style=\"text-align: center;\"><strong>Wir freuen uns auf Ihre Teilnahme!<\/strong><\/p>\n<p>[\/et_pb_text][\/et_pb_column][\/et_pb_row][\/et_pb_section][et_pb_section fb_built=&#8220;1&#8243; disabled_on=&#8220;off|off|off&#8220; _builder_version=&#8220;4.21.0&#8243; _module_preset=&#8220;default&#8220; locked=&#8220;off&#8220; global_colors_info=&#8220;{}&#8220;][et_pb_row disabled_on=&#8220;off|off|off&#8220; _builder_version=&#8220;4.21.0&#8243; _module_preset=&#8220;default&#8220; global_colors_info=&#8220;{}&#8220;][et_pb_column type=&#8220;4_4&#8243; _builder_version=&#8220;4.21.0&#8243; _module_preset=&#8220;default&#8220; global_colors_info=&#8220;{}&#8220;][et_pb_text disabled_on=&#8220;off|off|off&#8220; _builder_version=&#8220;4.21.0&#8243; _module_preset=&#8220;default&#8220; global_colors_info=&#8220;{}&#8220;]<\/p>\n<h2 style=\"text-align: center;\">Sprecher<\/h2>\n<div class=\"rwmb-field rwmb-custom_html-wrapper child-group dp--on-load__hide conditions trigger-location dp--shortcode dp--show-shortcode-box dp-monaco-box\">\n<div class=\"rwmb-input\">\n<div class=\"shortcode\">\n<div class=\"rwmb-field rwmb-custom_html-wrapper child-group dp--on-load__hide conditions trigger-location dp--shortcode dp--show-shortcode-box dp-monaco-box\">\n<div class=\"rwmb-input\">\n<div class=\"shortcode\"><\/div>\n<\/div>\n<\/div>\n<\/div>\n<\/div>\n<\/div>\n<p>[\/et_pb_text][\/et_pb_column][\/et_pb_row][et_pb_row column_structure=&#8220;1_4,1_4,1_4,1_4&#8243; _builder_version=&#8220;4.27.4&#8243; _module_preset=&#8220;default&#8220; custom_padding=&#8220;34px|||||&#8220; global_colors_info=&#8220;{}&#8220;][et_pb_column type=&#8220;1_4&#8243; _builder_version=&#8220;4.27.4&#8243; _module_preset=&#8220;default&#8220; global_colors_info=&#8220;{}&#8220;][\/et_pb_column][et_pb_column type=&#8220;1_4&#8243; _builder_version=&#8220;4.21.0&#8243; _module_preset=&#8220;default&#8220; global_colors_info=&#8220;{}&#8220;][et_pb_image src=&#8220;https:\/\/www.tec-deutschland.de\/wp-content\/uploads\/2024\/05\/jens-boecker-rund.png&#8220; alt=&#8220;L\u00e4chelnder Mann in Anzug mit Brille&#8220; title_text=&#8220;Jens B\u00f6cker rund&#8220; align_tablet=&#8220;&#8220; align_phone=&#8220;&#8220; align_last_edited=&#8220;on|phone&#8220; disabled_on=&#8220;off|off|off&#8220; _builder_version=&#8220;4.27.2&#8243; _module_preset=&#8220;default&#8220; width=&#8220;74%&#8220; width_tablet=&#8220;&#8220; width_phone=&#8220;&#8220; width_last_edited=&#8220;on|tablet&#8220; max_width=&#8220;74%&#8220; max_width_tablet=&#8220;23%&#8220; max_width_phone=&#8220;62%&#8220; max_width_last_edited=&#8220;on|desktop&#8220; module_alignment=&#8220;center&#8220; max_height_tablet=&#8220;332px&#8220; max_height_phone=&#8220;332px&#8220; max_height_last_edited=&#8220;on|desktop&#8220; global_colors_info=&#8220;{}&#8220;][\/et_pb_image][et_pb_text disabled_on=&#8220;off|off|off&#8220; _builder_version=&#8220;4.23.4&#8243; _module_preset=&#8220;default&#8220; text_font_size=&#8220;15px&#8220; text_line_height=&#8220;1em&#8220; header_font=&#8220;||||||||&#8220; header_6_font=&#8220;|||on|||||&#8220; global_colors_info=&#8220;{}&#8220;]<\/p>\n<p style=\"text-align: center;\"><strong>Prof. Dr. Jens B\u00f6cker<\/strong><\/p>\n<p style=\"text-align: center;\">Moderation<\/p>\n<p>[\/et_pb_text][\/et_pb_column][et_pb_column type=&#8220;1_4&#8243; _builder_version=&#8220;4.27.4&#8243; _module_preset=&#8220;default&#8220; global_colors_info=&#8220;{}&#8220;][et_pb_image src=&#8220;https:\/\/www.tec-deutschland.de\/wp-content\/uploads\/2025\/07\/roman-friedrich-moderator.png&#8220; alt=&#8220;L\u00e4chelnder Mann in Anzug mit Brille&#8220; title_text=&#8220;Roman Friedrich (Moderator)&#8220; align_tablet=&#8220;&#8220; align_phone=&#8220;&#8220; align_last_edited=&#8220;on|phone&#8220; disabled_on=&#8220;off|off|off&#8220; _builder_version=&#8220;4.27.4&#8243; _module_preset=&#8220;default&#8220; width=&#8220;74%&#8220; width_tablet=&#8220;&#8220; width_phone=&#8220;&#8220; width_last_edited=&#8220;on|tablet&#8220; max_width=&#8220;74%&#8220; max_width_tablet=&#8220;23%&#8220; max_width_phone=&#8220;62%&#8220; max_width_last_edited=&#8220;on|desktop&#8220; module_alignment=&#8220;center&#8220; max_height_tablet=&#8220;332px&#8220; max_height_phone=&#8220;332px&#8220; max_height_last_edited=&#8220;on|desktop&#8220; global_colors_info=&#8220;{}&#8220;][\/et_pb_image][et_pb_text disabled_on=&#8220;off|off|off&#8220; _builder_version=&#8220;4.27.4&#8243; _module_preset=&#8220;default&#8220; text_font_size=&#8220;15px&#8220; text_line_height=&#8220;1em&#8220; header_font=&#8220;||||||||&#8220; header_6_font=&#8220;|||on|||||&#8220; global_colors_info=&#8220;{}&#8220;]<\/p>\n<p style=\"text-align: center;\"><strong>Dr. Roman Friedrich<\/strong><\/p>\n<p style=\"text-align: center;\">Moderation<\/p>\n<p>[\/et_pb_text][\/et_pb_column][et_pb_column type=&#8220;1_4&#8243; _builder_version=&#8220;4.27.4&#8243; _module_preset=&#8220;default&#8220; global_colors_info=&#8220;{}&#8220;][\/et_pb_column][\/et_pb_row][\/et_pb_section][et_pb_section fb_built=&#8220;1&#8243; _builder_version=&#8220;4.21.0&#8243; _module_preset=&#8220;default&#8220; custom_padding=&#8220;||2px|||&#8220; locked=&#8220;off&#8220; global_colors_info=&#8220;{}&#8220;][et_pb_row disabled_on=&#8220;off|off|off&#8220; _builder_version=&#8220;4.27.4&#8243; _module_preset=&#8220;default&#8220; global_colors_info=&#8220;{}&#8220;][et_pb_column type=&#8220;4_4&#8243; _builder_version=&#8220;4.21.0&#8243; _module_preset=&#8220;default&#8220; global_colors_info=&#8220;{}&#8220;][et_pb_text _builder_version=&#8220;4.27.4&#8243; _module_preset=&#8220;default&#8220; global_colors_info=&#8220;{}&#8220;]<\/p>\n<h2 style=\"text-align: center;\">Timetable<\/h2>\n<p>[\/et_pb_text][et_pb_accordion _builder_version=&#8220;4.27.4&#8243; _module_preset=&#8220;default&#8220; global_colors_info=&#8220;{}&#8220;][et_pb_accordion_item title=&#8220;13:30 -14:30 Welcome&#8220; _builder_version=&#8220;4.27.4&#8243; _module_preset=&#8220;default&#8220; global_colors_info=&#8220;{}&#8220; open=&#8220;on&#8220;]<\/p>\n<h4>Regestrierung &amp; Get-together<\/h4>\n<p>[\/et_pb_accordion_item][et_pb_accordion_item title=&#8220;14:30 &#8211; 15:35 PANEL 1&#8243; _builder_version=&#8220;4.27.4&#8243; _module_preset=&#8220;default&#8220; global_colors_info=&#8220;{}&#8220; open=&#8220;off&#8220;]<\/p>\n<h4><strong>Herausforderungen 2026: Wohin steuert die TK-Industrie?<\/strong><\/h4>\n<p>&nbsp;<\/p>\n<h6>Frank Rosenberger (1&amp;1 Versatel)<\/h6>\n<h6>Dipl.-Ing. Soeren Wendler (Deutsche Giganetz)<\/h6>\n<h6>Ulrich Hoffmann (PlusNet)<\/h6>\n<h6>Valentina Daiber (o2 Telef\u00f3nica)<\/h6>\n<p>[\/et_pb_accordion_item][et_pb_accordion_item title=&#8220;15:35 &#8211; 16:00&#8243; content_tablet=&#8220;<\/p>\n<p><strong>Pause<\/strong><\/p>\n<p>&#8220; content_phone=&#8220;<\/p>\n<p><strong>Pause<\/strong><\/p>\n<p>&#8220; content_last_edited=&#8220;on|phone&#8220; _builder_version=&#8220;4.27.4&#8243; _module_preset=&#8220;default&#8220; global_colors_info=&#8220;{}&#8220; open=&#8220;off&#8220;]<\/p>\n<h4><b>Pause<\/b><\/h4>\n<p>[\/et_pb_accordion_item][et_pb_accordion_item title=&#8220;16:00 &#8211; 16:50 PANEL 2&#8243; content_tablet=&#8220;<\/p>\n<p><strong>Digitale Infrastrukturausbau \u2013 Wo stehen die Business Cases heute?<\/strong><\/p>\n<p><strong><\/strong><\/p>\n<h6>Jan Geldmacher (Impact Venture Capital)<\/h6>\n<h6>Alex von Frankenberg (HTGF)<\/h6>\n<h6>Thomas Kalthoefer (DWS)<\/h6>\n<h6>Jan Angenendt<\/h6>\n<h6>Christian R. Schindler<\/h6>\n<p>&#8220; content_phone=&#8220;<\/p>\n<h4><strong>Digitale Infrastrukturausbau \u2013 Wo stehen die Business Cases heute?<\/strong><\/h4>\n<h4><\/h4>\n<h6>Jan Geldmacher (Impact Venture Capital)<\/h6>\n<h6>Alex von Frankenberg (HTGF)<\/h6>\n<h6>Thomas Kalthoefer (DWS)<\/h6>\n<h6>Jan Angenendt (DTRAG mbH)<\/h6>\n<h6>Christian R. Schindler (Watson, Farley &#038; Williams LLP)<\/h6>\n<p>\u00a0&#8220; content_last_edited=&#8220;on|tablet&#8220; _builder_version=&#8220;4.27.4&#8243; _module_preset=&#8220;default&#8220; global_colors_info=&#8220;{}&#8220; open=&#8220;off&#8220;]<\/p>\n<h4><strong>Digitaler Infrastrukturausbau: Wo stehen die Business Cases heute?<\/strong><\/h4>\n<h6>Jan Geldmacher (Impact Venture Capital)<\/h6>\n<h6>Jan Angenendt (DTRAG mbH)<\/h6>\n<h6>Alex von Frankenberg (HTGF)<\/h6>\n<h6>Thomas Kalthoefer (DWS)<\/h6>\n<h6> Christian R. Schindler (Watson, Farley Williams LLP)<\/h6>\n<p>[\/et_pb_accordion_item][et_pb_accordion_item title=&#8220;16:50 &#8211; 17:00&#8243; content_tablet=&#8220;<\/p>\n<p><strong>Pause<\/strong><\/p>\n<p>&#8220; content_phone=&#8220;<\/p>\n<p><strong>Pause<\/strong><\/p>\n<p>&#8220; content_last_edited=&#8220;on|tablet&#8220; _builder_version=&#8220;4.27.4&#8243; _module_preset=&#8220;default&#8220; global_colors_info=&#8220;{}&#8220; content__hover_enabled=&#8220;off|desktop&#8220; open=&#8220;off&#8220;]<\/p>\n<h4><b>Pause<\/b><\/h4>\n<p>[\/et_pb_accordion_item][et_pb_accordion_item title=&#8220;17:00 &#8211; 17:50 PANEL 3&#8243; open=&#8220;off&#8220; content_tablet=&#8220;<\/p>\n<h4><strong>Kritis \u2013 Wie sicher ist die digitale Infrastruktur? <\/strong><\/h4>\n<p>\u00a0<\/p>\n<h6>Thomas Riedel (Riedel Communications Gruppe)<\/h6>\n<h6>Sabine Meyer (BnetzA)<\/h6>\n<h6>Igor Kurkov (Schwarz Gruppe)<\/h6>\n<h6>Wolfram Rinner (GasLINE)<\/h6>\n<h6>Dr. Ulrich M\u00fcller (operational services)<\/h6>\n<h6>Dipl.-Volkswirt Alexander Schudra (ERGO Versicherung AG)<\/h6>\n<p>&#8220; content_phone=&#8220;<\/p>\n<p><strong>Kritis \u2013 Wie sicher ist die digitale Infrastruktur?<\/strong><\/p>\n<p><strong><\/strong><\/p>\n<h6>Thomas Riedel (Riedel Communications Gruppe)<\/h6>\n<h6>Sabine Meyer (BnetzA)<\/h6>\n<h6>Igor Kurkov (Schwarz Gruppe)<\/h6>\n<h6>Wolfram Rinner (GasLINE)<\/h6>\n<h6>Dr. Ulrich M\u00fcller (operational services)<\/h6>\n<h6>Dipl.-Volkswirt Alexander Schudra<\/h6>\n<p>&#8220; content_last_edited=&#8220;on|desktop&#8220; _builder_version=&#8220;4.27.4&#8243; _module_preset=&#8220;default&#8220; global_colors_info=&#8220;{}&#8220;]<\/p>\n<h4><strong>KRITIS: Wie sicher ist die digitale Infrastruktur?<\/strong><\/h4>\n<p>&nbsp;<\/p>\n<h6>Thomas Riedel (Riedel Communications Gruppe)<\/h6>\n<h6>Sabine Meyer (BnetzA)<\/h6>\n<h6>Igor Kurkov (Schwarz Gruppe)<\/h6>\n<h6>Wolfram Rinner (GasLINE)<\/h6>\n<h6>Dr. Ulrich M\u00fcller (operational services)<\/h6>\n<h6>Dipl.-Volkswirt Alexander Schudra (ERGO Versicherung AG)<\/h6>\n<p>[\/et_pb_accordion_item][et_pb_accordion_item title=&#8220;17:50 &#8211; 18:00&#8243; _builder_version=&#8220;4.27.4&#8243; _module_preset=&#8220;default&#8220; global_colors_info=&#8220;{}&#8220; open=&#8220;off&#8220;]<\/p>\n<h4><strong>Pause<\/strong><\/h4>\n<p>[\/et_pb_accordion_item][et_pb_accordion_item title=&#8220;18:00 &#8211; 18:50 PANEL 4&#8243; _builder_version=&#8220;4.27.4&#8243; _module_preset=&#8220;default&#8220; global_colors_info=&#8220;{}&#8220; open=&#8220;off&#8220;]<\/p>\n<h4><strong>Regionale Player: Die neue Macht im TK-Markt?<\/strong><\/h4>\n<p>&nbsp;<\/p>\n<h6>Karsten Kluge\u00a0 (Th\u00fcringer NetCom)<\/h6>\n<h6>Nicholas Prinz (Netcom BW)<\/h6>\n<h6>Dipl.-\u00d6k. Karsten Schmidt (htp)<\/h6>\n<h6>Dr. Claus van der Velden (NetCologne)<\/h6>\n<h6>Peter Weichsel<\/h6>\n<p>[\/et_pb_accordion_item][et_pb_accordion_item title=&#8220;18:50 &#8211; 19:00: WRAP UP&#8220; _builder_version=&#8220;4.27.4&#8243; _module_preset=&#8220;default&#8220; global_colors_info=&#8220;{}&#8220; open=&#8220;off&#8220;]<\/p>\n<h4><strong>Wrap Up<\/strong><\/h4>\n<p>&nbsp;<\/p>\n<h6>Dr. Frederic Ufer (VATM)<\/h6>\n<p>[\/et_pb_accordion_item][\/et_pb_accordion][\/et_pb_column][\/et_pb_row][\/et_pb_section][et_pb_section fb_built=&#8220;1&#8243; _builder_version=&#8220;4.21.0&#8243; _module_preset=&#8220;default&#8220; locked=&#8220;off&#8220; global_colors_info=&#8220;{}&#8220;][et_pb_row _builder_version=&#8220;4.21.0&#8243; _module_preset=&#8220;default&#8220; global_colors_info=&#8220;{}&#8220;][et_pb_column type=&#8220;4_4&#8243; _builder_version=&#8220;4.21.0&#8243; _module_preset=&#8220;default&#8220; global_colors_info=&#8220;{}&#8220;][et_pb_text _builder_version=&#8220;4.27.4&#8243; _module_preset=&#8220;default&#8220; custom_padding=&#8220;||28px|||&#8220; global_colors_info=&#8220;{}&#8220;]<\/p>\n<h2 style=\"text-align: center;\">Sponsoren &amp; Partner<\/h2>\n<p>&nbsp;<\/p>\n<div class='sponsor-gallery'>\n                <a href='https:\/\/www.pwc.de\/' class='sponsor-image' target='_blank' rel='nofollow'>\n                    <img loading=\"lazy\" decoding=\"async\" width=\"300\" height=\"193\" src=\"https:\/\/www.tec-deutschland.de\/wp-content\/uploads\/2023\/07\/1pwc_neu-300x193.png\" class=\"attachment-medium size-medium\" alt=\"Das Logo von PwC von 2025.\" \/>\n                <\/a>\n            \n                <a href='https:\/\/consumer.huawei.com\/de\/' class='sponsor-image' target='_blank' rel='nofollow'>\n                    <img loading=\"lazy\" decoding=\"async\" width=\"300\" height=\"297\" src=\"https:\/\/www.tec-deutschland.de\/wp-content\/uploads\/2023\/11\/Huawei-300x297.jpg\" class=\"attachment-medium size-medium\" alt=\"Huawei-Logo mit roter Bl\u00fcte und Schriftzug.\" \/>\n                <\/a>\n            \n                <a href='https:\/\/dxc.com\/de\/de' class='sponsor-image' target='_blank' rel='nofollow'>\n                    <img loading=\"lazy\" decoding=\"async\" width=\"300\" height=\"212\" src=\"https:\/\/www.tec-deutschland.de\/wp-content\/uploads\/2025\/08\/dxc-logo-1-1-pdf-300x212.jpg\" class=\"attachment-medium size-medium\" alt=\"\" \/>\n                <\/a>\n            \n                <a href='https:\/\/eviden.com\/' class='sponsor-image' target='_blank' rel='nofollow'>\n                    <img loading=\"lazy\" decoding=\"async\" width=\"300\" height=\"121\" src=\"https:\/\/www.tec-deutschland.de\/wp-content\/uploads\/2023\/07\/Atos-neu-300x121.png\" class=\"attachment-medium size-medium\" alt=\"EVIDEN, ein Atos Gesch\u00e4ftsbereich_logo\" \/>\n                <\/a>\n            \n                <a href='https:\/\/riedel-networks.net\/' class='sponsor-image' target='_blank' rel='nofollow'>\n                    <img loading=\"lazy\" decoding=\"async\" width=\"261\" height=\"71\" src=\"https:\/\/www.tec-deutschland.de\/wp-content\/uploads\/2023\/06\/Riedel-Logo_RGB150-1.jpg\" class=\"attachment-medium size-medium\" alt=\"Riedel-Logo mit schwarz-roten Buchstaben und Punkt.\" srcset=\"https:\/\/www.tec-deutschland.de\/wp-content\/uploads\/2023\/06\/Riedel-Logo_RGB150-1.jpg 261w, https:\/\/www.tec-deutschland.de\/wp-content\/uploads\/2023\/06\/Riedel-Logo_RGB150-1-60x16.jpg 60w, https:\/\/www.tec-deutschland.de\/wp-content\/uploads\/2023\/06\/Riedel-Logo_RGB150-1-100x27.jpg 100w\" sizes=\"(max-width: 261px) 100vw, 261px\" \/>\n                <\/a>\n            \n                <a href='https:\/\/www.1st-solution-group.com\/' class='sponsor-image' target='_blank' rel='nofollow'>\n                    <img loading=\"lazy\" decoding=\"async\" width=\"288\" height=\"100\" src=\"https:\/\/www.tec-deutschland.de\/wp-content\/uploads\/2023\/03\/1ST_SO1-e1534850140309.jpg\" class=\"attachment-medium size-medium\" alt=\"1st Solution Firmenlogo mit Slogan\" srcset=\"https:\/\/www.tec-deutschland.de\/wp-content\/uploads\/2023\/03\/1ST_SO1-e1534850140309.jpg 288w, https:\/\/www.tec-deutschland.de\/wp-content\/uploads\/2023\/03\/1ST_SO1-e1534850140309-60x21.jpg 60w, https:\/\/www.tec-deutschland.de\/wp-content\/uploads\/2023\/03\/1ST_SO1-e1534850140309-100x35.jpg 100w\" sizes=\"(max-width: 288px) 100vw, 288px\" \/>\n                <\/a>\n            \n                <a href='https:\/\/www.de.cgi.com\/de' class='sponsor-image' target='_blank' rel='nofollow'>\n                    <img loading=\"lazy\" decoding=\"async\" width=\"300\" height=\"140\" src=\"https:\/\/www.tec-deutschland.de\/wp-content\/uploads\/2023\/03\/CGI_logo_color_rgb-300x140.jpg\" class=\"attachment-medium size-medium\" alt=\"Rotes CG-Logo Design\" \/>\n                <\/a>\n            \n                <a href='https:\/\/www.gasline.de\/' class='sponsor-image' target='_blank' rel='nofollow'>\n                    <img loading=\"lazy\" decoding=\"async\" width=\"283\" height=\"235\" src=\"https:\/\/www.tec-deutschland.de\/wp-content\/uploads\/2025\/01\/gasline.png\" class=\"attachment-medium size-medium\" alt=\"\" srcset=\"https:\/\/www.tec-deutschland.de\/wp-content\/uploads\/2025\/01\/gasline.png 283w, https:\/\/www.tec-deutschland.de\/wp-content\/uploads\/2025\/01\/gasline-14x12.png 14w, https:\/\/www.tec-deutschland.de\/wp-content\/uploads\/2025\/01\/gasline-60x50.png 60w, https:\/\/www.tec-deutschland.de\/wp-content\/uploads\/2025\/01\/gasline-100x83.png 100w\" sizes=\"(max-width: 283px) 100vw, 283px\" \/>\n                <\/a>\n            \n                <a href='https:\/\/www.be-connected.eu\/' class='sponsor-image' target='_blank' rel='nofollow'>\n                    <img loading=\"lazy\" decoding=\"async\" width=\"300\" height=\"106\" src=\"https:\/\/www.tec-deutschland.de\/wp-content\/uploads\/2025\/01\/beyer-zugeschnitten-300x106.jpg\" class=\"attachment-medium size-medium\" alt=\"\" \/>\n                <\/a>\n            \n                <a href='https:\/\/www.crealog.com\/de' class='sponsor-image' target='_blank' rel='nofollow'>\n                    <img loading=\"lazy\" decoding=\"async\" width=\"300\" height=\"51\" src=\"https:\/\/www.tec-deutschland.de\/wp-content\/uploads\/2023\/03\/crealog-300x51.png\" class=\"attachment-medium size-medium\" alt=\"CreaLog-Logo mit stilisiertem Schriftzug und orange-gelbem Akzent.\" \/>\n                <\/a>\n            \n                <a href='https:\/\/www.operational-services.de\/de\/' class='sponsor-image' target='_blank' rel='nofollow'>\n                    <img loading=\"lazy\" decoding=\"async\" width=\"300\" height=\"66\" src=\"https:\/\/www.tec-deutschland.de\/wp-content\/uploads\/2023\/03\/LOGOOP1-300x66.png\" class=\"attachment-medium size-medium\" alt=\"Logo von Operational Services, Ihr ICT-Partner.\" \/>\n                <\/a>\n            \n                <a href='https:\/\/mediaan.com\/de' class='sponsor-image' target='_blank' rel='nofollow'>\n                    <img loading=\"lazy\" decoding=\"async\" width=\"300\" height=\"146\" src=\"https:\/\/www.tec-deutschland.de\/wp-content\/uploads\/2023\/03\/Mediaan-Logo-mit-Claim-300x146.png\" class=\"attachment-medium size-medium\" alt=\"mediaan Logo mit Slogan &#039;technology that makes a difference&#039;\" \/>\n                <\/a>\n            \n                <a href='https:\/\/brekoverband.de\/' class='sponsor-image' target='_blank' rel='nofollow'>\n                    <img loading=\"lazy\" decoding=\"async\" width=\"300\" height=\"94\" src=\"https:\/\/www.tec-deutschland.de\/wp-content\/uploads\/2023\/03\/BREKO_2-300x94.png\" class=\"attachment-medium size-medium\" alt=\"BREKO Verbandslogo f\u00fcr Breitbandkommunikation in Deutschland.\" \/>\n                <\/a>\n            \n                <a href='http:\/\/www.buglas.de\/' class='sponsor-image' target='_blank' rel='nofollow'>\n                    <img loading=\"lazy\" decoding=\"async\" width=\"300\" height=\"85\" src=\"https:\/\/www.tec-deutschland.de\/wp-content\/uploads\/2023\/03\/BUGLAS_Logo-300x85.png\" class=\"attachment-medium size-medium\" alt=\"Logo des Bundesverbands Glasfaseranschluss e.V., BUGLAS.\" \/>\n                <\/a>\n            \n                <a href='https:\/\/www.eco.de\/' class='sponsor-image' target='_blank' rel='nofollow'>\n                    <img loading=\"lazy\" decoding=\"async\" width=\"300\" height=\"240\" src=\"https:\/\/www.tec-deutschland.de\/wp-content\/uploads\/2023\/03\/eco_Logo_red-300x240.png\" class=\"attachment-medium size-medium\" alt=\"Eco-Logo, Internetwirtschaftsverband Schriftzug\" \/>\n                <\/a>\n            \n                <a href='https:\/\/www.vatm.de\/' class='sponsor-image' target='_blank' rel='nofollow'>\n                    <img loading=\"lazy\" decoding=\"async\" width=\"300\" height=\"120\" src=\"https:\/\/www.tec-deutschland.de\/wp-content\/uploads\/2025\/08\/vatm-neu-300x120.png\" class=\"attachment-medium size-medium\" alt=\"\" \/>\n                <\/a>\n            \n                <a href='https:\/\/www.connect.de\/' class='sponsor-image' target='_blank' rel='nofollow'>\n                    <img loading=\"lazy\" decoding=\"async\" width=\"300\" height=\"86\" src=\"https:\/\/www.tec-deutschland.de\/wp-content\/uploads\/2023\/03\/connect2-300x86.jpg\" class=\"attachment-medium size-medium\" alt=\"Wei\u00dfer &quot;connect&quot;-Schriftzug auf blauem Hintergrund.\" \/>\n                <\/a>\n            \n                <a href='https:\/\/www.connect-professional.de\/' class='sponsor-image' target='_blank' rel='nofollow'>\n                    <img loading=\"lazy\" decoding=\"async\" width=\"300\" height=\"136\" src=\"https:\/\/www.tec-deutschland.de\/wp-content\/uploads\/2023\/08\/15-connect-300x136.jpg\" class=\"attachment-medium size-medium\" alt=\"Logo &quot;connect professional&quot; in Schwarz-Grau.\" \/>\n                <\/a>\n            \n                <a href='https:\/\/www.net-im-web.de\/' class='sponsor-image' target='_blank' rel='nofollow'>\n                    <img loading=\"lazy\" decoding=\"async\" width=\"283\" height=\"120\" src=\"https:\/\/www.tec-deutschland.de\/wp-content\/uploads\/2023\/03\/NET_LO2.jpg\" class=\"attachment-medium size-medium\" alt=\"NET Zeitschrift Kommunikationsmanagement Logo\" srcset=\"https:\/\/www.tec-deutschland.de\/wp-content\/uploads\/2023\/03\/NET_LO2.jpg 283w, https:\/\/www.tec-deutschland.de\/wp-content\/uploads\/2023\/03\/NET_LO2-60x25.jpg 60w, https:\/\/www.tec-deutschland.de\/wp-content\/uploads\/2023\/03\/NET_LO2-100x42.jpg 100w\" sizes=\"(max-width: 283px) 100vw, 283px\" \/>\n                <\/a>\n            \n                <a href='https:\/\/portel.de\/' class='sponsor-image' target='_blank' rel='nofollow'>\n                    <img loading=\"lazy\" decoding=\"async\" width=\"300\" height=\"50\" src=\"https:\/\/www.tec-deutschland.de\/wp-content\/uploads\/2023\/03\/Portel-300x50.png\" class=\"attachment-medium size-medium\" alt=\"Logo von Sportel.de mit rotem Akzent\" \/>\n                <\/a>\n            \n                <a href='https:\/\/www.boecker-ziemen.de\/' class='sponsor-image' target='_blank' rel='nofollow'>\n                    <img loading=\"lazy\" decoding=\"async\" width=\"300\" height=\"81\" src=\"https:\/\/www.tec-deutschland.de\/wp-content\/uploads\/2023\/03\/bz_positiv-300x81.png\" class=\"attachment-medium size-medium\" alt=\"Logo von &quot;B\u00f6cker Ziemen&quot; in Wei\u00df auf Grau.\" \/>\n                <\/a>\n            <\/div>\n<p>[\/et_pb_text][\/et_pb_column][\/et_pb_row][\/et_pb_section][et_pb_section fb_built=&#8220;1&#8243; disabled_on=&#8220;off|off|off&#8220; _builder_version=&#8220;4.21.0&#8243; _module_preset=&#8220;default&#8220; custom_padding=&#8220;||2px|||&#8220; locked=&#8220;off&#8220; global_colors_info=&#8220;{}&#8220;][et_pb_row disabled_on=&#8220;off|off|off&#8220; _builder_version=&#8220;4.21.0&#8243; _module_preset=&#8220;default&#8220; custom_margin=&#8220;|auto|6px|auto||&#8220; global_colors_info=&#8220;{}&#8220;][et_pb_column type=&#8220;4_4&#8243; _builder_version=&#8220;4.21.0&#8243; _module_preset=&#8220;default&#8220; global_colors_info=&#8220;{}&#8220;][et_pb_code disabled_on=&#8220;off|off|off&#8220; _builder_version=&#8220;4.27.4&#8243; _module_preset=&#8220;default&#8220; global_colors_info=&#8220;{}&#8220;]<iframe loading=\"lazy\" src=\"https:\/\/www.tec-anmeldung.de\/bookTicketForEvent?eventId=579102\" frameborder=\"0\" scrolling=\"no\" width=\"100%\" height=\"1200px\"><\/iframe>[\/et_pb_code][et_pb_map address=&#8220;Georg-Glock-Stra\u00dfe 22, 40474 D\u00fcsseldorf, Deutschland&#8220; zoom_level=&#8220;16&#8243; address_lat=&#8220;51.2512119&#8243; address_lng=&#8220;6.7710321&#8243; _builder_version=&#8220;4.27.4&#8243; _module_preset=&#8220;default&#8220; global_colors_info=&#8220;{}&#8220;][et_pb_map_pin pin_address=&#8220;Georg-Glock-Stra\u00dfe 22, 40474 D\u00fcsseldorf, Deutschland&#8220; zoom_level=&#8220;12&#8243; pin_address_lat=&#8220;51.2512119&#8243; pin_address_lng=&#8220;6.7710321&#8243; _builder_version=&#8220;4.27.4&#8243; _module_preset=&#8220;default&#8220; global_colors_info=&#8220;{}&#8220;][\/et_pb_map_pin][\/et_pb_map][\/et_pb_column][\/et_pb_row][\/et_pb_section][et_pb_section fb_built=&#8220;1&#8243; _builder_version=&#8220;4.27.4&#8243; _module_preset=&#8220;default&#8220; min_height=&#8220;705.8px&#8220; custom_margin=&#8220;||-38px|||&#8220; custom_padding=&#8220;41px||0px|||&#8220; global_colors_info=&#8220;{}&#8220;][et_pb_row column_structure=&#8220;1_2,1_2&#8243; _builder_version=&#8220;4.27.4&#8243; _module_preset=&#8220;default&#8220; width=&#8220;66.6%&#8220; min_height=&#8220;366.4px&#8220; custom_margin=&#8220;-13px|-46px|-11px|127px||&#8220; custom_padding=&#8220;6px|||||&#8220; global_colors_info=&#8220;{}&#8220;][et_pb_column type=&#8220;1_2&#8243; _builder_version=&#8220;4.27.4&#8243; _module_preset=&#8220;default&#8220; global_colors_info=&#8220;{}&#8220;][et_pb_text _builder_version=&#8220;4.27.4&#8243; _module_preset=&#8220;default&#8220; global_colors_info=&#8220;{}&#8220;]<\/p>\n<h4 style=\"text-align: center;\"><strong>R\u00fcckblick 2025<\/strong><\/h4>\n<p>[\/et_pb_text][et_pb_gallery gallery_ids=&#8220;1609,1610,1611,1612,1613&#8243; fullwidth=&#8220;on&#8220; _builder_version=&#8220;4.27.4&#8243; _module_preset=&#8220;default&#8220; min_height=&#8220;302.1px&#8220; custom_padding=&#8220;||21px|||&#8220; global_colors_info=&#8220;{}&#8220;][\/et_pb_gallery][\/et_pb_column][et_pb_column type=&#8220;1_2&#8243; _builder_version=&#8220;4.27.4&#8243; _module_preset=&#8220;default&#8220; global_colors_info=&#8220;{}&#8220;][et_pb_text _builder_version=&#8220;4.27.4&#8243; _module_preset=&#8220;default&#8220; min_height=&#8220;22px&#8220; custom_padding=&#8220;||1px|||&#8220; global_colors_info=&#8220;{}&#8220;]<\/p>\n<h4 style=\"text-align: center;\"><strong>weitere Termine 2025<\/strong><\/h4>\n<p>[\/et_pb_text][et_pb_accordion _builder_version=&#8220;4.27.4&#8243; _module_preset=&#8220;default&#8220; min_height=&#8220;164.7px&#8220; global_colors_info=&#8220;{}&#8220;][et_pb_accordion_item title=&#8220;10. September 2025&#8243; open=&#8220;on&#8220; _builder_version=&#8220;4.27.4&#8243; _module_preset=&#8220;default&#8220; global_colors_info=&#8220;{}&#8220;]<\/p>\n<h6><strong>Strategischer Ausblick auf den TK-Markt 2026<\/strong><\/h6>\n<h6>PwC Eclipse, D\u00fcsseldorf<\/h6>\n<p>[\/et_pb_accordion_item][et_pb_accordion_item title=&#8220;03. Dezember 2025&#8243; _builder_version=&#8220;4.27.4&#8243; _module_preset=&#8220;default&#8220; global_colors_info=&#8220;{}&#8220; open=&#8220;off&#8220;]<\/p>\n<h6><strong>TEC-Abendveranstaltung<\/strong><\/h6>\n<h6>Vodafone, D\u00fcsseldorf<\/h6>\n<p>[\/et_pb_accordion_item][\/et_pb_accordion][\/et_pb_column][\/et_pb_row][\/et_pb_section]<\/p>\n","protected":false},"template":"","meta":{"_acf_changed":false,"_seopress_robots_primary_cat":"","_seopress_titles_title":"","_seopress_titles_desc":"","_seopress_robots_index":"","_et_pb_use_builder":"on","_et_pb_old_content":"","_et_gb_content_width":""},"referent":[139,152,135,146,150,87,144,148,134,147,151,137,8,149,58,145,140,141,136,51,54],"class_list":["post-1586","veranstaltung","type-veranstaltung","status-publish","hentry","referent-alex-van-frankenberg","referent-christian-r-schindler","referent-soeren-wendler-2","referent-karsten_schmidt","referent-dipl-volkswirt-alexander-schudra","referent-dr-claus-van-der-velden","referent-frederic_ufer","referent-dr-ulrich-mueller","referent-frank-rosenberger","referent-igor-kurkov","referent-jan-angenendt","referent-jan-geldmacher","referent-karsten-kluge","referent-nicholas-prinz","referent-peter-weichsel","referent-sabine_meyer","referent-thomas-kalthoefer","referent-thomas-riedel","referent-ulrich-hoffmann","referent-valentina-daiber","referent-wolfram-rinner"],"acf":[],"_links":{"self":[{"href":"https:\/\/www.tec-deutschland.de\/en\/wp-json\/wp\/v2\/veranstaltung\/1586","targetHints":{"allow":["GET"]}}],"collection":[{"href":"https:\/\/www.tec-deutschland.de\/en\/wp-json\/wp\/v2\/veranstaltung"}],"about":[{"href":"https:\/\/www.tec-deutschland.de\/en\/wp-json\/wp\/v2\/types\/veranstaltung"}],"wp:attachment":[{"href":"https:\/\/www.tec-deutschland.de\/en\/wp-json\/wp\/v2\/media?parent=1586"}],"wp:term":[{"taxonomy":"referent","embeddable":true,"href":"https:\/\/www.tec-deutschland.de\/en\/wp-json\/wp\/v2\/referent?post=1586"}],"curies":[{"name":"wp","href":"https:\/\/api.w.org\/{rel}","templated":true}]}}