{"id":2062,"date":"2026-03-30T09:34:21","date_gmt":"2026-03-30T07:34:21","guid":{"rendered":"https:\/\/www.tec-deutschland.de\/?post_type=veranstaltung&#038;p=2062"},"modified":"2026-04-27T20:09:21","modified_gmt":"2026-04-27T18:09:21","slug":"tec-82-telcos-als-digital-enabler-wie-koennen-andere-industrien-davon-profitieren","status":"publish","type":"veranstaltung","link":"https:\/\/www.tec-deutschland.de\/en\/blog\/event\/tec-82-telcos-als-digital-enabler-wie-koennen-andere-industrien-davon-profitieren\/","title":{"rendered":"TEC 82: Telcos als Digital-Enabler \u2013 wie k\u00f6nnen andere Industrien davon profitieren?"},"content":{"rendered":"<p>[et_pb_section fb_built=&#8220;1&#8243; _builder_version=&#8220;4.27.4&#8243; _module_preset=&#8220;default&#8220; background_color=&#8220;RGBA(255,255,255,0)&#8220; background_image=&#8220;https:\/\/www.tec-deutschland.de\/wp-content\/uploads\/2026\/03\/tec_slide-bg_01.jpg&#8220; background_enable_video_mp4=&#8220;off&#8220; background_enable_video_webm=&#8220;off&#8220; background_video_width=&#8220;auto&#8220; background_video_height=&#8220;auto&#8220; min_height=&#8220;836px&#8220; max_height=&#8220;180px&#8220; custom_margin=&#8220;||14px|||&#8220; custom_padding=&#8220;0px||0px||true|false&#8220; custom_css_main_element=&#8220;background-attachment: fixed;&#8220; locked=&#8220;off&#8220; global_colors_info=&#8220;{}&#8220; custom_css_main_element_last_edited=&#8220;on|tablet&#8220; custom_css_main_element_tablet=&#8220;background-attachment: scroll;&#8220; custom_css_main_element_phone=&#8220;background-attachment: scroll;&#8220;][et_pb_row admin_label=&#8220;Zeile&#8220; _builder_version=&#8220;4.27.4&#8243; _module_preset=&#8220;default&#8220; background_color=&#8220;RGBA(255,255,255,0)&#8220; min_height=&#8220;100vh&#8220; max_height=&#8220;80%&#8220; custom_padding=&#8220;0px||0px||true|false&#8220; global_colors_info=&#8220;{}&#8220;][et_pb_column type=&#8220;4_4&#8243; _builder_version=&#8220;4.20.2&#8243; _module_preset=&#8220;default&#8220; global_colors_info=&#8220;{}&#8220;][et_pb_divider _builder_version=&#8220;4.27.4&#8243; _module_preset=&#8220;default&#8220; global_colors_info=&#8220;{}&#8220;][\/et_pb_divider][et_pb_divider color=&#8220;RGBA(255,255,255,0)&#8220; _builder_version=&#8220;4.27.4&#8243; _module_preset=&#8220;default&#8220; custom_padding=&#8220;||42px|||&#8220; global_colors_info=&#8220;{}&#8220;][\/et_pb_divider][et_pb_slider disabled_on=&#8220;off|off|off&#8220; _builder_version=&#8220;4.27.4&#8243; _module_preset=&#8220;default&#8220; background_image=&#8220;https:\/\/www.tec-deutschland.de\/wp-content\/uploads\/2025\/09\/jubilaeums_bg_tec.jpg&#8220; min_height=&#8220;555px&#8220; custom_margin=&#8220;||-13px|||&#8220; custom_padding=&#8220;84px||100px|||&#8220; border_radii=&#8220;on|7px|7px|7px|7px&#8220; box_shadow_style=&#8220;preset3&#8243; global_colors_info=&#8220;{}&#8220;][et_pb_slide heading=&#8220;AbendverAnstaltung&#8220; button_text=&#8220;mehr erfahren&#8220; _builder_version=&#8220;4.27.4&#8243; _module_preset=&#8220;default&#8220; background_image=&#8220;https:\/\/www.tec-deutschland.de\/wp-content\/uploads\/2025\/04\/tec_slide-bg_01.jpg&#8220; background_enable_image=&#8220;on&#8220; custom_button=&#8220;on&#8220; box_shadow_style_button=&#8220;preset3&#8243; global_colors_info=&#8220;{}&#8220; sticky_transition=&#8220;on&#8220;]<\/p>\n<h2 style=\"text-align: center;\"><\/h2>\n<h2 style=\"text-align: center;\"><strong>Telcos als Digital-Enabler<br \/>&#8211;<\/strong><\/h2>\n<h2 style=\"text-align: center;\"><strong>wie k\u00f6nnen andere Industrien davon profitieren?<\/strong><\/h2>\n<h2 style=\"text-align: center;\"><strong>\u00a0<\/strong><\/h2>\n<h6 style=\"text-align: center;\">24. Juni 2026<\/h6>\n<h6 style=\"text-align: center;\">PwC Eclipse, D\u00fcsseldorf<\/h6>\n<p>[\/et_pb_slide][et_pb_slide heading=&#8220;Veranstaltungen 2026&#8243; button_link=&#8220;https:\/\/www.tec-deutschland.de\/blog\/veranstaltung\/tec-no-80\/&#8220; url_new_window=&#8220;on&#8220; _builder_version=&#8220;4.27.4&#8243; _module_preset=&#8220;default&#8220; background_image=&#8220;https:\/\/www.tec-deutschland.de\/wp-content\/uploads\/2025\/12\/tec_slide-bg_01.jpg&#8220; background_enable_image=&#8220;on&#8220; custom_button=&#8220;on&#8220; link_option_url_new_window=&#8220;on&#8220; box_shadow_style_button=&#8220;preset3&#8243; global_colors_info=&#8220;{}&#8220; sticky_transition=&#8220;on&#8220;]<\/p>\n<h3>\u00a0\u00a0<strong><\/strong><\/h3>\n<h3><strong>18. Mai 2026<\/strong><\/h3>\n<h6><span>Vorabendveranstaltung zur ANGA COM<\/span><br \/><span>\u201cOpen Access\u201d<\/span><\/h6>\n<h3><\/h3>\n<h3><strong>24. September 2026<\/strong><\/h3>\n<h6>TEC-Jahrestagung, PwC Frankfurt<\/h6>\n<h3><\/h3>\n<h3><strong>04. November 2026<\/strong><\/h3>\n<h6>TEC-Deep-Dive, <br \/>Wissenschaftszentrum Bonn<\/h6>\n<h3><\/h3>\n<h3><strong>09. Dezember 2026<\/strong><\/h3>\n<h6>TEC-Abendveranstaltung, <br \/>PwC D\u00fcsseldorf<\/h6>\n<p>[\/et_pb_slide][\/et_pb_slider][\/et_pb_column][\/et_pb_row][et_pb_row module_id=&#8220;hero-scroll&#8220; _builder_version=&#8220;4.27.4&#8243; _module_preset=&#8220;default&#8220; width=&#8220;100%&#8220; max_width=&#8220;100%&#8220; min_height=&#8220;15%&#8220; height=&#8220;15%&#8220; max_height=&#8220;15%&#8220; custom_margin=&#8220;5px|auto||auto||&#8220; custom_padding=&#8220;43px||3px|||&#8220; collapsed=&#8220;off&#8220; global_colors_info=&#8220;{}&#8220;][et_pb_column type=&#8220;4_4&#8243; _builder_version=&#8220;4.20.2&#8243; _module_preset=&#8220;default&#8220; global_colors_info=&#8220;{}&#8220;][et_pb_text disabled_on=&#8220;on|on|on&#8220; _builder_version=&#8220;4.27.4&#8243; _module_preset=&#8220;default&#8220; text_font=&#8220;Sans Regular|||on|||||&#8220; text_text_color=&#8220;#FFFFFF&#8220; text_font_size=&#8220;14px&#8220; text_line_height=&#8220;1.2em&#8220; min_height=&#8220;55.6px&#8220; custom_margin=&#8220;2px||2px||true|false&#8220; disabled=&#8220;on&#8220; global_colors_info=&#8220;{}&#8220;]<\/p>\n<p style=\"text-align: center;\">Bitte<br \/>Scrollen<\/p>\n<p>[\/et_pb_text][et_pb_icon icon_color=&#8220;#FFFFFF&#8220; icon_width=&#8220;30px&#8220; _builder_version=&#8220;4.20.2&#8243; _module_preset=&#8220;default&#8220; custom_margin=&#8220;-13px||24px|||&#8220; custom_padding=&#8220;0px||3px|||&#8220; global_colors_info=&#8220;{}&#8220;][\/et_pb_icon][\/et_pb_column][\/et_pb_row][\/et_pb_section][et_pb_section fb_built=&#8220;1&#8243; _builder_version=&#8220;4.21.0&#8243; _module_preset=&#8220;default&#8220; locked=&#8220;off&#8220; global_colors_info=&#8220;{}&#8220;][et_pb_row _builder_version=&#8220;4.21.0&#8243; _module_preset=&#8220;default&#8220; global_colors_info=&#8220;{}&#8220;][et_pb_column type=&#8220;4_4&#8243; _builder_version=&#8220;4.21.0&#8243; _module_preset=&#8220;default&#8220; global_colors_info=&#8220;{}&#8220;][et_pb_text _builder_version=&#8220;4.27.4&#8243; _module_preset=&#8220;default&#8220; min_height=&#8220;235.2px&#8220; global_colors_info=&#8220;{}&#8220;]<\/p>\n<h2 style=\"text-align: center;\">TEC-ABENDVERANSTALTUNG<\/h2>\n<p style=\"text-align: center;\"><strong>\u00a0 \u00a0<\/strong><\/p>\n<p style=\"text-align: center;\"><strong>Telcos als Digital-Enabler <br \/><\/strong><strong>\u2013 <br \/><\/strong><strong>wie k\u00f6nnen andere Industrien davon profitieren?<\/strong><\/p>\n<p>[\/et_pb_text][\/et_pb_column][\/et_pb_row][et_pb_row column_structure=&#8220;1_2,1_2&#8243; _builder_version=&#8220;4.21.0&#8243; _module_preset=&#8220;default&#8220; global_colors_info=&#8220;{}&#8220;][et_pb_column type=&#8220;1_2&#8243; _builder_version=&#8220;4.21.0&#8243; _module_preset=&#8220;default&#8220; global_colors_info=&#8220;{}&#8220;][et_pb_text _builder_version=&#8220;4.27.4&#8243; _module_preset=&#8220;default&#8220; custom_padding=&#8220;||0px|||&#8220; global_colors_info=&#8220;{}&#8220;]<\/p>\n<p><span data-teams=\"true\">Die digitale Transformation vieler Branchen <br \/>(z. B. Automobil, Maschinenbau, Chemie, Finanzen, Versicherung) ist untrennbar mit der Leistungsf\u00e4higkeit moderner Telekommunikationsnetze verbunden. <br \/>Nur ein Beispiel: Die Entwicklung im Edge Computing zeigt, dass Latenzzeiten unter 10 ms m\u00f6glich sind, wodurch v\u00f6llig neue Wertsch\u00f6pfungspotenziale in der Automatisierung und Echtzeit-Analyse entstehen. Telcos entwickeln sich damit vom reinen Infrastrukturanbieter zum strategischen Partner, der durch Konnektivit\u00e4t und Cloud-Integration Effizienzsteigerungen von bis zu 20 % (Quellen: u. a. Ericsson, Capgemini, BCG) in der Produktion erm\u00f6glicht. <br \/><\/span><span data-teams=\"true\">Erfahren Sie bei unserem n\u00e4chsten TEC-Event, wie sich TK-Anbieter hier als attraktive Sparringspartner positionieren k\u00f6nnen.<\/span><\/p>\n<p>[\/et_pb_text][\/et_pb_column][et_pb_column type=&#8220;1_2&#8243; _builder_version=&#8220;4.21.0&#8243; _module_preset=&#8220;default&#8220; global_colors_info=&#8220;{}&#8220;][et_pb_text _builder_version=&#8220;4.27.4&#8243; _module_preset=&#8220;default&#8220; global_colors_info=&#8220;{}&#8220;]<\/p>\n<p><span>Folgende Fragen wollen wir gemeinsam diskutieren:<\/span><\/p>\n<ul>\n<li><span>Wo endet die reine Bandbreite und wo beginnt der echte Wertbeitrag f\u00fcr die digitale Transformation anderer Industrien?<\/span><\/li>\n<li><span>Wie l\u00e4sst sich die neue Wertsch\u00f6pfung zwischen Industrie und Telco profitabel verteilen \u2013 was sind die attraktivsten Gesch\u00e4ftsmodelle?<\/span><\/li>\n<li><span>Welche digitalen Services m\u00fcssen Telcos selbst besetzen und welche Partnern \u00fcberlassen?<\/span><\/li>\n<\/ul>\n<p><span>Wir freuen uns auf einen exklusiven Austausch mit ausgew\u00e4hlten Top-Sprechern und Ihnen.<\/span><\/p>\n<p>[\/et_pb_text][\/et_pb_column][\/et_pb_row][et_pb_row _builder_version=&#8220;4.23.4&#8243; _module_preset=&#8220;default&#8220; global_colors_info=&#8220;{}&#8220;][et_pb_column type=&#8220;4_4&#8243; _builder_version=&#8220;4.23.4&#8243; _module_preset=&#8220;default&#8220; global_colors_info=&#8220;{}&#8220;][et_pb_text _builder_version=&#8220;4.27.4&#8243; _module_preset=&#8220;default&#8220; global_colors_info=&#8220;{}&#8220;]<\/p>\n<p style=\"text-align: center;\"><strong>Hier gehts zur <a href=\"https:\/\/www.tec-anmeldung.de\/bookTicketForEvent?eventId=620985\">Anmeldung!<\/a><\/strong><\/p>\n<p>[\/et_pb_text][\/et_pb_column][\/et_pb_row][\/et_pb_section][et_pb_section fb_built=&#8220;1&#8243; disabled_on=&#8220;off|off|off&#8220; _builder_version=&#8220;4.21.0&#8243; _module_preset=&#8220;default&#8220; locked=&#8220;off&#8220; global_colors_info=&#8220;{}&#8220;][et_pb_row disabled_on=&#8220;off|off|off&#8220; _builder_version=&#8220;4.21.0&#8243; _module_preset=&#8220;default&#8220; global_colors_info=&#8220;{}&#8220;][et_pb_column type=&#8220;4_4&#8243; _builder_version=&#8220;4.21.0&#8243; _module_preset=&#8220;default&#8220; global_colors_info=&#8220;{}&#8220;][et_pb_text disabled_on=&#8220;off|off|off&#8220; _builder_version=&#8220;4.27.4&#8243; _module_preset=&#8220;default&#8220; global_colors_info=&#8220;{}&#8220;]<\/p>\n<h2 style=\"text-align: center;\">Sprecher<\/h2>\n<div class=\"rwmb-field rwmb-custom_html-wrapper child-group dp--on-load__hide conditions trigger-location dp--shortcode dp--show-shortcode-box dp-monaco-box\">\n<div class=\"rwmb-input\">\n<div class=\"shortcode\">\n<div class=\"rwmb-field rwmb-custom_html-wrapper child-group dp--on-load__hide conditions trigger-location dp--shortcode dp--show-shortcode-box dp-monaco-box\">\n<div class=\"rwmb-input\">\n<div class=\"shortcode\"><\/div>\n<\/div>\n<\/div>\n<\/div>\n<\/div>\n<\/div>\n<p>[\/et_pb_text][\/et_pb_column][\/et_pb_row][et_pb_row _builder_version=&#8220;4.21.0&#8243; _module_preset=&#8220;default&#8220; global_colors_info=&#8220;{}&#8220;][et_pb_column type=&#8220;4_4&#8243; _builder_version=&#8220;4.21.0&#8243; _module_preset=&#8220;default&#8220; global_colors_info=&#8220;{}&#8220;][et_pb_image src=&#8220;https:\/\/www.tec-deutschland.de\/wp-content\/uploads\/2024\/05\/jens-boecker-rund.png&#8220; alt=&#8220;L\u00e4chelnder Mann in Anzug mit Brille&#8220; title_text=&#8220;Jens B\u00f6cker rund&#8220; align=&#8220;center&#8220; _builder_version=&#8220;4.27.2&#8243; _module_preset=&#8220;default&#8220; max_width=&#8220;20%&#8220; max_width_tablet=&#8220;40%&#8220; max_width_phone=&#8220;60%&#8220; max_width_last_edited=&#8220;on|phone&#8220; module_alignment=&#8220;center&#8220; max_height_tablet=&#8220;332px&#8220; max_height_phone=&#8220;332px&#8220; max_height_last_edited=&#8220;on|phone&#8220; global_colors_info=&#8220;{}&#8220;][\/et_pb_image][et_pb_text _builder_version=&#8220;4.24.0&#8243; _module_preset=&#8220;default&#8220; text_font_size=&#8220;15px&#8220; text_line_height=&#8220;1em&#8220; global_colors_info=&#8220;{}&#8220;]<\/p>\n<p style=\"text-align: center;\"><strong>Prof. Dr. Jens B\u00f6cker<\/strong><\/p>\n<p style=\"text-align: center;\">Moderation<\/p>\n<p>[\/et_pb_text][\/et_pb_column][\/et_pb_row][\/et_pb_section][et_pb_section fb_built=&#8220;1&#8243; _builder_version=&#8220;4.21.0&#8243; _module_preset=&#8220;default&#8220; locked=&#8220;off&#8220; global_colors_info=&#8220;{}&#8220;][et_pb_row _builder_version=&#8220;4.21.0&#8243; _module_preset=&#8220;default&#8220; global_colors_info=&#8220;{}&#8220;][et_pb_column type=&#8220;4_4&#8243; _builder_version=&#8220;4.21.0&#8243; _module_preset=&#8220;default&#8220; global_colors_info=&#8220;{}&#8220;][et_pb_text _builder_version=&#8220;4.27.4&#8243; _module_preset=&#8220;default&#8220; global_colors_info=&#8220;{}&#8220;]<\/p>\n<h2 style=\"text-align: center;\">Timetable<\/h2>\n<p>[\/et_pb_text][\/et_pb_column][\/et_pb_row][et_pb_row _builder_version=&#8220;4.21.0&#8243; _module_preset=&#8220;default&#8220; global_colors_info=&#8220;{}&#8220;][et_pb_column type=&#8220;4_4&#8243; _builder_version=&#8220;4.21.0&#8243; _module_preset=&#8220;default&#8220; global_colors_info=&#8220;{}&#8220;][et_pb_accordion disabled_on=&#8220;off|off|off&#8220; _builder_version=&#8220;4.27.4&#8243; _module_preset=&#8220;default&#8220; global_colors_info=&#8220;{}&#8220;][et_pb_accordion_item title=&#8220;16:30 Uhr&#8220; open=&#8220;on&#8220; _builder_version=&#8220;4.27.4&#8243; _module_preset=&#8220;default&#8220; global_colors_info=&#8220;{}&#8220;]<\/p>\n<p><strong>Registrierung und Get-together<\/strong><\/p>\n<p>[\/et_pb_accordion_item][et_pb_accordion_item title=&#8220;17:30 Uhr&#8220; _builder_version=&#8220;4.27.4&#8243; _module_preset=&#8220;default&#8220; global_colors_info=&#8220;{}&#8220; open=&#8220;off&#8220;]<\/p>\n<h4><strong>Paneldiskussion:<\/strong><\/h4>\n<h4><span data-teams=\"true\">Telcos als Digital-Enabler \u2013 wie k\u00f6nnen andere Industrien davon profitieren?<\/span><\/h4>\n<h4><strong>\u00a0<\/strong><\/h4>\n<p>[\/et_pb_accordion_item][et_pb_accordion_item title=&#8220;ab 19:00 Uhr&#8220; _builder_version=&#8220;4.27.4&#8243; _module_preset=&#8220;default&#8220; global_colors_info=&#8220;{}&#8220; open=&#8220;off&#8220;]<\/p>\n<h4>Networking bei warmem Buffet<\/h4>\n<p>[\/et_pb_accordion_item][\/et_pb_accordion][\/et_pb_column][\/et_pb_row][\/et_pb_section][et_pb_section fb_built=&#8220;1&#8243; disabled_on=&#8220;off|off|off&#8220; _builder_version=&#8220;4.21.0&#8243; _module_preset=&#8220;default&#8220; locked=&#8220;off&#8220; global_colors_info=&#8220;{}&#8220;][et_pb_row _builder_version=&#8220;4.21.0&#8243; _module_preset=&#8220;default&#8220; global_colors_info=&#8220;{}&#8220;][et_pb_column type=&#8220;4_4&#8243; _builder_version=&#8220;4.21.0&#8243; _module_preset=&#8220;default&#8220; global_colors_info=&#8220;{}&#8220;][et_pb_text disabled_on=&#8220;off|off|off&#8220; _builder_version=&#8220;4.21.0&#8243; _module_preset=&#8220;default&#8220; global_colors_info=&#8220;{}&#8220;]<\/p>\n<h2 style=\"text-align: center;\">Sponsoren &amp; Partner<\/h2>\n<p><div class='sponsor-gallery'>\n                <a href='https:\/\/www.pwc.de\/' class='sponsor-image' target='_blank' rel='nofollow'>\n                    <img loading=\"lazy\" decoding=\"async\" width=\"300\" height=\"193\" src=\"https:\/\/www.tec-deutschland.de\/wp-content\/uploads\/2023\/07\/1pwc_neu-300x193.png\" class=\"attachment-medium size-medium\" alt=\"Das Logo von PwC von 2025.\" \/>\n                <\/a>\n            \n                <a href='https:\/\/consumer.huawei.com\/de\/' class='sponsor-image' target='_blank' rel='nofollow'>\n                    <img loading=\"lazy\" decoding=\"async\" width=\"300\" height=\"297\" src=\"https:\/\/www.tec-deutschland.de\/wp-content\/uploads\/2023\/11\/Huawei-300x297.jpg\" class=\"attachment-medium size-medium\" alt=\"Huawei-Logo mit roter Bl\u00fcte und Schriftzug.\" \/>\n                <\/a>\n            \n                <a href='https:\/\/www.m3maco.com\/de\/' class='sponsor-image' target='_blank' rel='nofollow'>\n                    <img loading=\"lazy\" decoding=\"async\" width=\"300\" height=\"153\" src=\"https:\/\/www.tec-deutschland.de\/wp-content\/uploads\/2026\/02\/logo_m3_rgb-300x153.png\" class=\"attachment-medium size-medium\" alt=\"\" srcset=\"https:\/\/www.tec-deutschland.de\/wp-content\/uploads\/2026\/02\/logo_m3_rgb-300x153.png 300w, https:\/\/www.tec-deutschland.de\/wp-content\/uploads\/2026\/02\/logo_m3_rgb-18x9.png 18w, https:\/\/www.tec-deutschland.de\/wp-content\/uploads\/2026\/02\/logo_m3_rgb-60x31.png 60w, https:\/\/www.tec-deutschland.de\/wp-content\/uploads\/2026\/02\/logo_m3_rgb-100x51.png 100w, https:\/\/www.tec-deutschland.de\/wp-content\/uploads\/2026\/02\/logo_m3_rgb.png 396w\" sizes=\"(max-width: 300px) 100vw, 300px\" \/>\n                <\/a>\n            \n                <a href='https:\/\/dxc.com\/de\/de' class='sponsor-image' target='_blank' rel='nofollow'>\n                    <img loading=\"lazy\" decoding=\"async\" width=\"300\" height=\"212\" src=\"https:\/\/www.tec-deutschland.de\/wp-content\/uploads\/2025\/08\/dxc-logo-1-1-pdf-300x212.jpg\" class=\"attachment-medium size-medium\" alt=\"\" \/>\n                <\/a>\n            \n                <a href='https:\/\/eviden.com\/' class='sponsor-image' target='_blank' rel='nofollow'>\n                    <img loading=\"lazy\" decoding=\"async\" width=\"300\" height=\"121\" src=\"https:\/\/www.tec-deutschland.de\/wp-content\/uploads\/2023\/07\/Atos-neu-300x121.png\" class=\"attachment-medium size-medium\" alt=\"EVIDEN, ein Atos Gesch\u00e4ftsbereich_logo\" \/>\n                <\/a>\n            \n                <a href='https:\/\/riedel-networks.net\/' class='sponsor-image' target='_blank' rel='nofollow'>\n                    <img loading=\"lazy\" decoding=\"async\" width=\"261\" height=\"71\" src=\"https:\/\/www.tec-deutschland.de\/wp-content\/uploads\/2023\/06\/Riedel-Logo_RGB150-1.jpg\" class=\"attachment-medium size-medium\" alt=\"Riedel-Logo mit schwarz-roten Buchstaben und Punkt.\" srcset=\"https:\/\/www.tec-deutschland.de\/wp-content\/uploads\/2023\/06\/Riedel-Logo_RGB150-1.jpg 261w, https:\/\/www.tec-deutschland.de\/wp-content\/uploads\/2023\/06\/Riedel-Logo_RGB150-1-60x16.jpg 60w, https:\/\/www.tec-deutschland.de\/wp-content\/uploads\/2023\/06\/Riedel-Logo_RGB150-1-100x27.jpg 100w\" sizes=\"(max-width: 261px) 100vw, 261px\" \/>\n                <\/a>\n            \n                <a href='https:\/\/www.1st-solution-group.com\/' class='sponsor-image' target='_blank' rel='nofollow'>\n                    <img loading=\"lazy\" decoding=\"async\" width=\"288\" height=\"100\" src=\"https:\/\/www.tec-deutschland.de\/wp-content\/uploads\/2023\/03\/1ST_SO1-e1534850140309.jpg\" class=\"attachment-medium size-medium\" alt=\"1st Solution Firmenlogo mit Slogan\" srcset=\"https:\/\/www.tec-deutschland.de\/wp-content\/uploads\/2023\/03\/1ST_SO1-e1534850140309.jpg 288w, https:\/\/www.tec-deutschland.de\/wp-content\/uploads\/2023\/03\/1ST_SO1-e1534850140309-60x21.jpg 60w, https:\/\/www.tec-deutschland.de\/wp-content\/uploads\/2023\/03\/1ST_SO1-e1534850140309-100x35.jpg 100w\" sizes=\"(max-width: 288px) 100vw, 288px\" \/>\n                <\/a>\n            \n                <a href='https:\/\/www.purtel.com\/' class='sponsor-image' target='_blank' rel='nofollow'>\n                    <img loading=\"lazy\" decoding=\"async\" width=\"300\" height=\"141\" src=\"https:\/\/www.tec-deutschland.de\/wp-content\/uploads\/2026\/01\/purtel-300x141.png\" class=\"attachment-medium size-medium\" alt=\"\" \/>\n                <\/a>\n            \n                <a href='https:\/\/www.axians.de\/' class='sponsor-image' target='_blank' rel='nofollow'>\n                    <img loading=\"lazy\" decoding=\"async\" width=\"300\" height=\"89\" src=\"https:\/\/www.tec-deutschland.de\/wp-content\/uploads\/2026\/02\/log_axians_crvb-copie-300x89.png\" class=\"attachment-medium size-medium\" alt=\"\" \/>\n                <\/a>\n            \n                <a href='https:\/\/www.nokia.com\/de_int\/' class='sponsor-image' target='_blank' rel='nofollow'>\n                    <img loading=\"lazy\" decoding=\"async\" width=\"300\" height=\"68\" src=\"https:\/\/www.tec-deutschland.de\/wp-content\/uploads\/2023\/03\/NOKIA_rgb-002-300x68.png\" class=\"attachment-medium size-medium\" alt=\"Nokia-Logo in Blaut\u00f6nen auf gr\u00fcnem Hintergrund.\" \/>\n                <\/a>\n            \n                <a href='https:\/\/www.gasline.de\/' class='sponsor-image' target='_blank' rel='nofollow'>\n                    <img loading=\"lazy\" decoding=\"async\" width=\"283\" height=\"235\" src=\"https:\/\/www.tec-deutschland.de\/wp-content\/uploads\/2025\/01\/gasline.png\" class=\"attachment-medium size-medium\" alt=\"\" srcset=\"https:\/\/www.tec-deutschland.de\/wp-content\/uploads\/2025\/01\/gasline.png 283w, https:\/\/www.tec-deutschland.de\/wp-content\/uploads\/2025\/01\/gasline-14x12.png 14w, https:\/\/www.tec-deutschland.de\/wp-content\/uploads\/2025\/01\/gasline-60x50.png 60w, https:\/\/www.tec-deutschland.de\/wp-content\/uploads\/2025\/01\/gasline-100x83.png 100w\" sizes=\"(max-width: 283px) 100vw, 283px\" \/>\n                <\/a>\n            \n                <a href='https:\/\/www.crealog.com\/de' class='sponsor-image' target='_blank' rel='nofollow'>\n                    <img loading=\"lazy\" decoding=\"async\" width=\"300\" height=\"51\" src=\"https:\/\/www.tec-deutschland.de\/wp-content\/uploads\/2023\/03\/crealog-300x51.png\" class=\"attachment-medium size-medium\" alt=\"CreaLog-Logo mit stilisiertem Schriftzug und orange-gelbem Akzent.\" \/>\n                <\/a>\n            \n                <a href='https:\/\/mediaan.com\/de' class='sponsor-image' target='_blank' rel='nofollow'>\n                    <img loading=\"lazy\" decoding=\"async\" width=\"300\" height=\"146\" src=\"https:\/\/www.tec-deutschland.de\/wp-content\/uploads\/2023\/03\/Mediaan-Logo-mit-Claim-300x146.png\" class=\"attachment-medium size-medium\" alt=\"mediaan Logo mit Slogan &#039;technology that makes a difference&#039;\" \/>\n                <\/a>\n            \n                <a href='https:\/\/brekoverband.de\/' class='sponsor-image' target='_blank' rel='nofollow'>\n                    <img loading=\"lazy\" decoding=\"async\" width=\"300\" height=\"94\" src=\"https:\/\/www.tec-deutschland.de\/wp-content\/uploads\/2023\/03\/BREKO_2-300x94.png\" class=\"attachment-medium size-medium\" alt=\"BREKO Verbandslogo f\u00fcr Breitbandkommunikation in Deutschland.\" \/>\n                <\/a>\n            \n                <a href='http:\/\/www.buglas.de\/' class='sponsor-image' target='_blank' rel='nofollow'>\n                    <img loading=\"lazy\" decoding=\"async\" width=\"300\" height=\"85\" src=\"https:\/\/www.tec-deutschland.de\/wp-content\/uploads\/2023\/03\/BUGLAS_Logo-300x85.png\" class=\"attachment-medium size-medium\" alt=\"Logo des Bundesverbands Glasfaseranschluss e.V., BUGLAS.\" \/>\n                <\/a>\n            \n                <a href='https:\/\/www.eco.de\/' class='sponsor-image' target='_blank' rel='nofollow'>\n                    <img loading=\"lazy\" decoding=\"async\" width=\"300\" height=\"240\" src=\"https:\/\/www.tec-deutschland.de\/wp-content\/uploads\/2023\/03\/eco_Logo_red-300x240.png\" class=\"attachment-medium size-medium\" alt=\"Eco-Logo, Internetwirtschaftsverband Schriftzug\" \/>\n                <\/a>\n            \n                <a href='https:\/\/www.vatm.de\/' class='sponsor-image' target='_blank' rel='nofollow'>\n                    <img loading=\"lazy\" decoding=\"async\" width=\"300\" height=\"120\" src=\"https:\/\/www.tec-deutschland.de\/wp-content\/uploads\/2025\/08\/vatm-neu-300x120.png\" class=\"attachment-medium size-medium\" alt=\"\" \/>\n                <\/a>\n            \n                <a href='https:\/\/www.connect.de\/' class='sponsor-image' target='_blank' rel='nofollow'>\n                    <img loading=\"lazy\" decoding=\"async\" width=\"300\" height=\"86\" src=\"https:\/\/www.tec-deutschland.de\/wp-content\/uploads\/2023\/03\/connect2-300x86.jpg\" class=\"attachment-medium size-medium\" alt=\"Wei\u00dfer &quot;connect&quot;-Schriftzug auf blauem Hintergrund.\" \/>\n                <\/a>\n            \n                <a href='https:\/\/www.connect-professional.de\/' class='sponsor-image' target='_blank' rel='nofollow'>\n                    <img loading=\"lazy\" decoding=\"async\" width=\"300\" height=\"136\" src=\"https:\/\/www.tec-deutschland.de\/wp-content\/uploads\/2023\/08\/15-connect-300x136.jpg\" class=\"attachment-medium size-medium\" alt=\"Logo &quot;connect professional&quot; in Schwarz-Grau.\" \/>\n                <\/a>\n            \n                <a href='https:\/\/www.net-im-web.de\/' class='sponsor-image' target='_blank' rel='nofollow'>\n                    <img loading=\"lazy\" decoding=\"async\" width=\"283\" height=\"120\" src=\"https:\/\/www.tec-deutschland.de\/wp-content\/uploads\/2023\/03\/NET_LO2.jpg\" class=\"attachment-medium size-medium\" alt=\"NET Zeitschrift Kommunikationsmanagement Logo\" srcset=\"https:\/\/www.tec-deutschland.de\/wp-content\/uploads\/2023\/03\/NET_LO2.jpg 283w, https:\/\/www.tec-deutschland.de\/wp-content\/uploads\/2023\/03\/NET_LO2-60x25.jpg 60w, https:\/\/www.tec-deutschland.de\/wp-content\/uploads\/2023\/03\/NET_LO2-100x42.jpg 100w\" sizes=\"(max-width: 283px) 100vw, 283px\" \/>\n                <\/a>\n            \n                <a href='https:\/\/portel.de\/' class='sponsor-image' target='_blank' rel='nofollow'>\n                    <img loading=\"lazy\" decoding=\"async\" width=\"300\" height=\"50\" src=\"https:\/\/www.tec-deutschland.de\/wp-content\/uploads\/2023\/03\/Portel-300x50.png\" class=\"attachment-medium size-medium\" alt=\"Logo von Sportel.de mit rotem Akzent\" \/>\n                <\/a>\n            \n                <a href='https:\/\/www.boecker-ziemen.de\/' class='sponsor-image' target='_blank' rel='nofollow'>\n                    <img loading=\"lazy\" decoding=\"async\" width=\"300\" height=\"81\" src=\"https:\/\/www.tec-deutschland.de\/wp-content\/uploads\/2023\/03\/bz_positiv-300x81.png\" class=\"attachment-medium size-medium\" alt=\"Logo von &quot;B\u00f6cker Ziemen&quot; in Wei\u00df auf Grau.\" \/>\n                <\/a>\n            <\/div><br \/>\n[\/et_pb_text][\/et_pb_column][\/et_pb_row][\/et_pb_section][et_pb_section fb_built=&#8220;1&#8243; disabled_on=&#8220;off|off|off&#8220; _builder_version=&#8220;4.21.0&#8243; _module_preset=&#8220;default&#8220; locked=&#8220;off&#8220; global_colors_info=&#8220;{}&#8220;][et_pb_row disabled_on=&#8220;off|off|off&#8220; _builder_version=&#8220;4.21.0&#8243; _module_preset=&#8220;default&#8220; global_colors_info=&#8220;{}&#8220;][et_pb_column type=&#8220;4_4&#8243; _builder_version=&#8220;4.21.0&#8243; _module_preset=&#8220;default&#8220; global_colors_info=&#8220;{}&#8220;][et_pb_code disabled_on=&#8220;off|off|off&#8220; _builder_version=&#8220;4.27.4&#8243; _module_preset=&#8220;default&#8220; global_colors_info=&#8220;{}&#8220;]<iframe loading=\"lazy\" src=\"https:\/\/www.tec-anmeldung.de\/bookTicketForEvent?eventId=620985\" width=\"100%\" height=\"1200px\" frameborder=\"0\" scrolling=\"no\"><\/iframe>[\/et_pb_code][et_pb_map address=&#8220;Georg-Glock-Stra\u00dfe 22, 40474 D\u00fcsseldorf&#8220; zoom_level=&#8220;16&#8243; address_lat=&#8220;50.69936&#8243; address_lng=&#8220;7.1499219&#8243; _builder_version=&#8220;4.27.4&#8243; _module_preset=&#8220;default&#8220; global_colors_info=&#8220;{}&#8220;][et_pb_map_pin pin_address=&#8220;Georg-Glock-Stra\u00dfe 22, 40474 D\u00fcsseldorf&#8220; pin_address_lat=&#8220;50.69936&#8243; pin_address_lng=&#8220;7.1499219&#8243; _builder_version=&#8220;4.27.4&#8243; _module_preset=&#8220;default&#8220; global_colors_info=&#8220;{}&#8220;][\/et_pb_map_pin][\/et_pb_map][\/et_pb_column][\/et_pb_row][et_pb_row _builder_version=&#8220;4.27.4&#8243; _module_preset=&#8220;default&#8220; global_colors_info=&#8220;{}&#8220;][et_pb_column type=&#8220;4_4&#8243; _builder_version=&#8220;4.27.4&#8243; _module_preset=&#8220;default&#8220; global_colors_info=&#8220;{}&#8220;][et_pb_accordion _builder_version=&#8220;4.27.4&#8243; _module_preset=&#8220;default&#8220; global_colors_info=&#8220;{}&#8220;][et_pb_accordion_item title=&#8220;Donnerstag, 24. September 2026&#8243; open=&#8220;on&#8220; _builder_version=&#8220;4.27.4&#8243; _module_preset=&#8220;default&#8220; global_colors_info=&#8220;{}&#8220;]<\/p>\n<h3>Strategischer Ausblick auf den TK-Markt 2027<\/h3>\n<p>TEC-Jahrestagung<br \/>Donnerstag, 24. September 2026<br \/>PwC Frankfurt<\/p>\n<p>[\/et_pb_accordion_item][et_pb_accordion_item title=&#8220;Mittwoch, 04. November 2026&#8243; _builder_version=&#8220;4.27.4&#8243; _module_preset=&#8220;default&#8220; global_colors_info=&#8220;{}&#8220; open=&#8220;off&#8220;]<\/p>\n<h3>NE4 \/ NE5 &#8211; Ausbau<\/h3>\n<p>TEC-Deep-Dive<br \/>Mittwoch, 04. November 2026<br \/>Wissenschaftszentrum, Bonn<\/p>\n<p>[\/et_pb_accordion_item][et_pb_accordion_item title=&#8220;Mittwoch, 09. Dezember 2026&#8243; _builder_version=&#8220;4.27.4&#8243; _module_preset=&#8220;default&#8220; global_colors_info=&#8220;{}&#8220; open=&#8220;off&#8220;]<\/p>\n<h3>TEC-Abendveranstaltung<\/h3>\n<p>Mittwoch, 09. Dezember 2026<br \/>PwC D\u00fcsseldorf<\/p>\n<p>[\/et_pb_accordion_item][et_pb_accordion_item title=&#8220;Weitere Termine 2026&#8243; _builder_version=&#8220;4.27.4&#8243; _module_preset=&#8220;default&#8220; global_colors_info=&#8220;{}&#8220; open=&#8220;off&#8220;]<\/p>\n<p><strong>18. Mai 2026<\/strong><br \/>Vorabendveranstaltung zur ANGA COM<br \/>Thema: &#8222;Open Access&#8220;<\/p>\n<p>[\/et_pb_accordion_item][\/et_pb_accordion][\/et_pb_column][\/et_pb_row][et_pb_row _builder_version=&#8220;4.27.4&#8243; _module_preset=&#8220;default&#8220; global_colors_info=&#8220;{}&#8220;][et_pb_column type=&#8220;4_4&#8243; _builder_version=&#8220;4.27.4&#8243; _module_preset=&#8220;default&#8220; global_colors_info=&#8220;{}&#8220;][et_pb_gallery gallery_ids=&#8220;1898,1726,1727,1868,1728,1729,1899,1900,1730,1731,1733,2070&#8243; posts_number=&#8220;12&#8243; show_title_and_caption=&#8220;off&#8220; _builder_version=&#8220;4.27.4&#8243; _module_preset=&#8220;default&#8220; title_text_color=&#8220;RGBA(255,255,255,0)&#8220; caption_text_color=&#8220;RGBA(255,255,255,0)&#8220; background_layout=&#8220;dark&#8220; box_shadow_style_image=&#8220;preset2&#8243; global_colors_info=&#8220;{}&#8220;][\/et_pb_gallery][\/et_pb_column][\/et_pb_row][\/et_pb_section][et_pb_section fb_built=&#8220;1&#8243; _builder_version=&#8220;4.27.4&#8243; _module_preset=&#8220;default&#8220; global_colors_info=&#8220;{}&#8220;][et_pb_row _builder_version=&#8220;4.27.4&#8243; _module_preset=&#8220;default&#8220; global_colors_info=&#8220;{}&#8220;][et_pb_column type=&#8220;4_4&#8243; _builder_version=&#8220;4.27.4&#8243; _module_preset=&#8220;default&#8220; global_colors_info=&#8220;{}&#8220;][\/et_pb_column][\/et_pb_row][\/et_pb_section]<\/p>\n","protected":false},"template":"","meta":{"_acf_changed":false,"_seopress_robots_primary_cat":"","_seopress_titles_title":"","_seopress_titles_desc":"","_seopress_robots_index":"","_et_pb_use_builder":"on","_et_pb_old_content":"","_et_gb_content_width":""},"referent":[171],"class_list":["post-2062","veranstaltung","type-veranstaltung","status-publish","hentry","referent-matthias-sauder"],"acf":[],"_links":{"self":[{"href":"https:\/\/www.tec-deutschland.de\/en\/wp-json\/wp\/v2\/veranstaltung\/2062","targetHints":{"allow":["GET"]}}],"collection":[{"href":"https:\/\/www.tec-deutschland.de\/en\/wp-json\/wp\/v2\/veranstaltung"}],"about":[{"href":"https:\/\/www.tec-deutschland.de\/en\/wp-json\/wp\/v2\/types\/veranstaltung"}],"wp:attachment":[{"href":"https:\/\/www.tec-deutschland.de\/en\/wp-json\/wp\/v2\/media?parent=2062"}],"wp:term":[{"taxonomy":"referent","embeddable":true,"href":"https:\/\/www.tec-deutschland.de\/en\/wp-json\/wp\/v2\/referent?post=2062"}],"curies":[{"name":"wp","href":"https:\/\/api.w.org\/{rel}","templated":true}]}}