{"id":460,"date":"2023-06-12T04:52:35","date_gmt":"2023-06-12T02:52:35","guid":{"rendered":"https:\/\/www.tec-deutschland.de\/?post_type=veranstaltung&#038;p=460"},"modified":"2024-10-29T15:35:08","modified_gmt":"2024-10-29T14:35:08","slug":"neue-potenziale-was-koennen-die-telcos-von-den-tech-anbietern-lernen","status":"publish","type":"veranstaltung","link":"https:\/\/www.tec-deutschland.de\/en\/blog\/event\/neue-potenziale-was-koennen-die-telcos-von-den-tech-anbietern-lernen\/","title":{"rendered":"Neue Potenziale \u2013 Was k\u00f6nnen die Telcos von den TECH-Anbietern lernen?"},"content":{"rendered":"<p>[et_pb_section fb_built=&#8220;1&#8243; _builder_version=&#8220;4.27.2&#8243; _module_preset=&#8220;default&#8220; background_image=&#8220;https:\/\/www.tec-deutschland.de\/wp-content\/uploads\/2024\/09\/tec_slide-bg_01.jpg&#8220; min_height=&#8220;100vh&#8220; custom_padding=&#8220;0px||0px||true|false&#8220; hover_enabled=&#8220;0&#8243; custom_css_main_element=&#8220;background-attachment: fixed;&#8220; locked=&#8220;off&#8220; global_colors_info=&#8220;{}&#8220; custom_css_main_element_last_edited=&#8220;on|tablet&#8220; custom_css_main_element_tablet=&#8220;background-attachment: scroll;&#8220; custom_css_main_element_phone=&#8220;background-attachment: scroll;&#8220; title_text=&#8220;tec_slide-bg_01&#8243; sticky_enabled=&#8220;0&#8243;][et_pb_row admin_label=&#8220;Zeile&#8220; _builder_version=&#8220;4.20.2&#8243; _module_preset=&#8220;default&#8220; background_color=&#8220;RGBA(255,255,255,0)&#8220; min_height=&#8220;100vh&#8220; custom_padding=&#8220;0px||0px||true|false&#8220; global_colors_info=&#8220;{}&#8220;][et_pb_column type=&#8220;4_4&#8243; _builder_version=&#8220;4.20.2&#8243; _module_preset=&#8220;default&#8220; global_colors_info=&#8220;{}&#8220;][et_pb_slider admin_label=&#8220;Slider&#8220; _builder_version=&#8220;4.21.0&#8243; _module_preset=&#8220;default&#8220; body_font=&#8220;Sans Regular||||||||&#8220; background_color=&#8220;RGBA(255,255,255,0)&#8220; custom_button=&#8220;on&#8220; button_text_color=&#8220;#FFFFFF&#8220; button_bg_color=&#8220;#41ABE1&#8243; button_border_width=&#8220;0px&#8220; button_border_color=&#8220;RGBA(255,255,255,0)&#8220; button_border_radius=&#8220;0px&#8220; button_alignment=&#8220;center&#8220; min_height=&#8220;100vh&#8220; global_colors_info=&#8220;{}&#8220;][et_pb_slide button_text=&#8220;Mehr Erfahren&#8220; _builder_version=&#8220;4.21.0&#8243; _module_preset=&#8220;default&#8220; header_font_size_tablet=&#8220;32px&#8220; header_font_size_phone=&#8220;24px&#8220; header_font_size_last_edited=&#8220;on|phone&#8220; global_colors_info=&#8220;{}&#8220; sticky_transition=&#8220;on&#8220;]<\/p>\n<h1>Neue Potenziale \u2013 Was k\u00f6nnen die Telcos von den TECH-Anbietern lernen?<\/h1>\n<p>08. M\u00e4rz 2023, 17:30 Uhr | Hybrid[\/et_pb_slide][\/et_pb_slider][\/et_pb_column][\/et_pb_row][et_pb_row module_id=&#8220;hero-scroll&#8220; _builder_version=&#8220;4.20.2&#8243; _module_preset=&#8220;default&#8220; width=&#8220;100%&#8220; max_width=&#8220;100%&#8220; global_colors_info=&#8220;{}&#8220;][et_pb_column type=&#8220;4_4&#8243; _builder_version=&#8220;4.20.2&#8243; _module_preset=&#8220;default&#8220; global_colors_info=&#8220;{}&#8220;][et_pb_text _builder_version=&#8220;4.20.2&#8243; _module_preset=&#8220;default&#8220; text_font=&#8220;Sans Regular|||on|||||&#8220; text_text_color=&#8220;#FFFFFF&#8220; text_font_size=&#8220;14px&#8220; text_line_height=&#8220;1.2em&#8220; custom_margin=&#8220;0px||0px||true|false&#8220; global_colors_info=&#8220;{}&#8220;]<\/p>\n<p style=\"text-align: center;\">Bitte<br \/>Scrollen<\/p>\n<p>[\/et_pb_text][et_pb_icon font_icon=&#8220;&#x22;||divi||400&#8243; icon_color=&#8220;#FFFFFF&#8220; icon_width=&#8220;30px&#8220; _builder_version=&#8220;4.20.2&#8243; _module_preset=&#8220;default&#8220; global_colors_info=&#8220;{}&#8220;][\/et_pb_icon][\/et_pb_column][\/et_pb_row][\/et_pb_section][et_pb_section fb_built=&#8220;1&#8243; _builder_version=&#8220;4.21.0&#8243; _module_preset=&#8220;default&#8220; locked=&#8220;off&#8220; global_colors_info=&#8220;{}&#8220;][et_pb_row _builder_version=&#8220;4.21.0&#8243; _module_preset=&#8220;default&#8220; global_colors_info=&#8220;{}&#8220;][et_pb_column type=&#8220;4_4&#8243; _builder_version=&#8220;4.21.0&#8243; _module_preset=&#8220;default&#8220; global_colors_info=&#8220;{}&#8220;][et_pb_text _builder_version=&#8220;4.21.0&#8243; _module_preset=&#8220;default&#8220; global_colors_info=&#8220;{}&#8220;]<\/p>\n<h2 style=\"text-align: center;\">TEC-VERANSTALTUNG<\/h2>\n<h3 style=\"text-align: center;\">Neue Potenziale \u2013 Was k\u00f6nnen die Telcos von den TECH-Anbietern lernen?<\/h3>\n<p>[\/et_pb_text][\/et_pb_column][\/et_pb_row][et_pb_row column_structure=&#8220;1_2,1_2&#8243; _builder_version=&#8220;4.21.0&#8243; _module_preset=&#8220;default&#8220; global_colors_info=&#8220;{}&#8220;][et_pb_column type=&#8220;1_2&#8243; _builder_version=&#8220;4.21.0&#8243; _module_preset=&#8220;default&#8220; global_colors_info=&#8220;{}&#8220;][et_pb_text _builder_version=&#8220;4.21.0&#8243; _module_preset=&#8220;default&#8220; global_colors_info=&#8220;{}&#8220;]<\/p>\n<p>Der Blick auf die Marktkapitalisierung spricht eine klare Sprache \u2013 Telcos haben in den letzten Jahren den Unternehmenswert bei weitem nicht so stark steigern k\u00f6nnen wie Google, Amazon, Meta, Apple oder Microsoft. Anbieter von TK-Diensten versuchen deshalb neue strategische Gesch\u00e4ftsfelder zu erschlie\u00dfen, das Portfolio attraktiver zu gestalten und die Brand nachhaltig zu st\u00e4rken. Auf diese Weise soll sich die Wahrnehmung der Unternehmen Schritt f\u00fcr Schritt \u00e4ndern \u2013 vom langfristig orientierten Infrastruktur-\/ zum attraktiven L\u00f6sungsanbieter.<\/p>\n<p>[\/et_pb_text][\/et_pb_column][et_pb_column type=&#8220;1_2&#8243; _builder_version=&#8220;4.21.0&#8243; _module_preset=&#8220;default&#8220; global_colors_info=&#8220;{}&#8220;][et_pb_text _builder_version=&#8220;4.21.0&#8243; _module_preset=&#8220;default&#8220; global_colors_info=&#8220;{}&#8220;]<\/p>\n<p>Lassen Sie uns gemeinsam diskutieren:<\/p>\n<ul>\n<li>Was k\u00f6nnen Telcos von TECH-Unternehmen lernen?<\/li>\n<li>Welche Ziele und Entwicklungen sind f\u00fcr Telcos realistisch?<\/li>\n<li>Schlie\u00dft sich die L\u00fccke zwischen Telcos und TECH-Anbietern oder wird die L\u00fccke gr\u00f6\u00dfer?<\/li>\n<li>Tr\u00e4gt die \u201eFair share\u201c-Debatte beim Netzausbau zu einer Ann\u00e4herung der Positionen bei?<\/li>\n<\/ul>\n<p>Seien Sie mit dabei \u2013 wir freuen uns auf eine spannende Diskussion.<\/p>\n<p>[\/et_pb_text][\/et_pb_column][\/et_pb_row][\/et_pb_section][et_pb_section fb_built=&#8220;1&#8243; _builder_version=&#8220;4.21.0&#8243; _module_preset=&#8220;default&#8220; locked=&#8220;off&#8220; global_colors_info=&#8220;{}&#8220;][et_pb_row _builder_version=&#8220;4.21.0&#8243; _module_preset=&#8220;default&#8220; global_colors_info=&#8220;{}&#8220;][et_pb_column type=&#8220;4_4&#8243; _builder_version=&#8220;4.21.0&#8243; _module_preset=&#8220;default&#8220; global_colors_info=&#8220;{}&#8220;][et_pb_text _builder_version=&#8220;4.21.0&#8243; _module_preset=&#8220;default&#8220; global_colors_info=&#8220;{}&#8220;]<\/p>\n<h2 style=\"text-align: center;\">Paneldiskussion<\/h2>\n<div class=\"rwmb-field rwmb-custom_html-wrapper child-group dp--on-load__hide conditions trigger-location dp--shortcode dp--show-shortcode-box dp-monaco-box\">\n<div class=\"rwmb-input\">\n<div class=\"shortcode\">\n<div class=\"rwmb-field rwmb-custom_html-wrapper child-group dp--on-load__hide conditions trigger-location dp--shortcode dp--show-shortcode-box dp-monaco-box\">\n<div class=\"rwmb-input\">\n<div class=\"shortcode\"><\/div>\n<\/div>\n<\/div>\n<\/div>\n<\/div>\n<\/div>\n<p>[\/et_pb_text][\/et_pb_column][\/et_pb_row][\/et_pb_section][et_pb_section fb_built=&#8220;1&#8243; _builder_version=&#8220;4.21.0&#8243; _module_preset=&#8220;default&#8220; locked=&#8220;off&#8220; global_colors_info=&#8220;{}&#8220;][et_pb_row _builder_version=&#8220;4.21.0&#8243; _module_preset=&#8220;default&#8220; global_colors_info=&#8220;{}&#8220;][et_pb_column type=&#8220;4_4&#8243; _builder_version=&#8220;4.21.0&#8243; _module_preset=&#8220;default&#8220; global_colors_info=&#8220;{}&#8220;][et_pb_text _builder_version=&#8220;4.21.0&#8243; _module_preset=&#8220;default&#8220; global_colors_info=&#8220;{}&#8220;]<\/p>\n<h2 style=\"text-align: center;\">Timetable<\/h2>\n<p>[\/et_pb_text][\/et_pb_column][\/et_pb_row][et_pb_row _builder_version=&#8220;4.21.0&#8243; _module_preset=&#8220;default&#8220; global_colors_info=&#8220;{}&#8220;][et_pb_column type=&#8220;4_4&#8243; _builder_version=&#8220;4.21.0&#8243; _module_preset=&#8220;default&#8220; global_colors_info=&#8220;{}&#8220;][et_pb_accordion _builder_version=&#8220;4.21.0&#8243; _module_preset=&#8220;default&#8220; global_colors_info=&#8220;{}&#8220;][et_pb_accordion_item title=&#8220;16:30 Uhr&#8220; open=&#8220;on&#8220; _builder_version=&#8220;4.21.0&#8243; _module_preset=&#8220;default&#8220; global_colors_info=&#8220;{}&#8220;]Registrierung und Get-together[\/et_pb_accordion_item][et_pb_accordion_item title=&#8220;17:30 Uhr&#8220; _builder_version=&#8220;4.21.0&#8243; _module_preset=&#8220;default&#8220; global_colors_info=&#8220;{}&#8220; open=&#8220;off&#8220;]<\/p>\n<p>Paneldiskussion<\/p>\n<p>[\/et_pb_accordion_item][et_pb_accordion_item title=&#8220;18:30 Uhr&#8220; _builder_version=&#8220;4.21.0&#8243; _module_preset=&#8220;default&#8220; global_colors_info=&#8220;{}&#8220; open=&#8220;off&#8220;]<\/p>\n<p>Networking bei warmen Abendessen<\/p>\n<p>[\/et_pb_accordion_item][\/et_pb_accordion][\/et_pb_column][\/et_pb_row][\/et_pb_section][et_pb_section fb_built=&#8220;1&#8243; _builder_version=&#8220;4.21.0&#8243; _module_preset=&#8220;default&#8220; locked=&#8220;off&#8220; global_colors_info=&#8220;{}&#8220;][et_pb_row _builder_version=&#8220;4.21.0&#8243; _module_preset=&#8220;default&#8220; global_colors_info=&#8220;{}&#8220;][et_pb_column type=&#8220;4_4&#8243; _builder_version=&#8220;4.21.0&#8243; _module_preset=&#8220;default&#8220; global_colors_info=&#8220;{}&#8220;][et_pb_text _builder_version=&#8220;4.21.0&#8243; _module_preset=&#8220;default&#8220; global_colors_info=&#8220;{}&#8220;]<\/p>\n<h2 style=\"text-align: center;\">Sponsoren<\/h2>\n<div class='sponsor-gallery'>\n                <a href='https:\/\/www.pwc.de\/' class='sponsor-image' target='_blank' rel='nofollow'>\n                    <img loading=\"lazy\" decoding=\"async\" width=\"300\" height=\"193\" src=\"https:\/\/www.tec-deutschland.de\/wp-content\/uploads\/2023\/07\/1pwc_neu-300x193.png\" class=\"attachment-medium size-medium\" alt=\"Das Logo von PwC von 2025.\" \/>\n                <\/a>\n            \n                <a href='https:\/\/eviden.com\/' class='sponsor-image' target='_blank' rel='nofollow'>\n                    <img loading=\"lazy\" decoding=\"async\" width=\"300\" height=\"121\" src=\"https:\/\/www.tec-deutschland.de\/wp-content\/uploads\/2023\/07\/Atos-neu-300x121.png\" class=\"attachment-medium size-medium\" alt=\"EVIDEN, ein Atos Gesch\u00e4ftsbereich_logo\" \/>\n                <\/a>\n            \n                <a href='https:\/\/www.ringcentral.com\/de\/de\/' class='sponsor-image' target='_blank' rel='nofollow'>\n                    <img loading=\"lazy\" decoding=\"async\" width=\"300\" height=\"69\" src=\"https:\/\/www.tec-deutschland.de\/wp-content\/uploads\/2023\/06\/Ring-Central-300x69.jpeg\" class=\"attachment-medium size-medium\" alt=\"RingCentral Firmenlogo in Blau und Orange\" \/>\n                <\/a>\n            \n                <a href='https:\/\/riedel-networks.net\/' class='sponsor-image' target='_blank' rel='nofollow'>\n                    <img loading=\"lazy\" decoding=\"async\" width=\"261\" height=\"71\" src=\"https:\/\/www.tec-deutschland.de\/wp-content\/uploads\/2023\/06\/Riedel-Logo_RGB150-1.jpg\" class=\"attachment-medium size-medium\" alt=\"Riedel-Logo mit schwarz-roten Buchstaben und Punkt.\" srcset=\"https:\/\/www.tec-deutschland.de\/wp-content\/uploads\/2023\/06\/Riedel-Logo_RGB150-1.jpg 261w, https:\/\/www.tec-deutschland.de\/wp-content\/uploads\/2023\/06\/Riedel-Logo_RGB150-1-60x16.jpg 60w, https:\/\/www.tec-deutschland.de\/wp-content\/uploads\/2023\/06\/Riedel-Logo_RGB150-1-100x27.jpg 100w\" sizes=\"(max-width: 261px) 100vw, 261px\" \/>\n                <\/a>\n            \n                <a href='https:\/\/www.nokia.com\/de_int\/' class='sponsor-image' target='_blank' rel='nofollow'>\n                    <img loading=\"lazy\" decoding=\"async\" width=\"300\" height=\"68\" src=\"https:\/\/www.tec-deutschland.de\/wp-content\/uploads\/2023\/03\/NOKIA_rgb-002-300x68.png\" class=\"attachment-medium size-medium\" alt=\"Nokia-Logo in Blaut\u00f6nen auf gr\u00fcnem Hintergrund.\" \/>\n                <\/a>\n            \n                <a href='https:\/\/www.1st-solution-group.com\/' class='sponsor-image' target='_blank' rel='nofollow'>\n                    <img loading=\"lazy\" decoding=\"async\" width=\"288\" height=\"100\" src=\"https:\/\/www.tec-deutschland.de\/wp-content\/uploads\/2023\/03\/1ST_SO1-e1534850140309.jpg\" class=\"attachment-medium size-medium\" alt=\"1st Solution Firmenlogo mit Slogan\" srcset=\"https:\/\/www.tec-deutschland.de\/wp-content\/uploads\/2023\/03\/1ST_SO1-e1534850140309.jpg 288w, https:\/\/www.tec-deutschland.de\/wp-content\/uploads\/2023\/03\/1ST_SO1-e1534850140309-60x21.jpg 60w, https:\/\/www.tec-deutschland.de\/wp-content\/uploads\/2023\/03\/1ST_SO1-e1534850140309-100x35.jpg 100w\" sizes=\"(max-width: 288px) 100vw, 288px\" \/>\n                <\/a>\n            \n                <a href='https:\/\/www.de.cgi.com\/de' class='sponsor-image' target='_blank' rel='nofollow'>\n                    <img loading=\"lazy\" decoding=\"async\" width=\"300\" height=\"140\" src=\"https:\/\/www.tec-deutschland.de\/wp-content\/uploads\/2023\/03\/CGI_logo_color_rgb-300x140.jpg\" class=\"attachment-medium size-medium\" alt=\"Rotes CG-Logo Design\" \/>\n                <\/a>\n            \n                <a href='https:\/\/www.operational-services.de\/de\/' class='sponsor-image' target='_blank' rel='nofollow'>\n                    <img loading=\"lazy\" decoding=\"async\" width=\"300\" height=\"66\" src=\"https:\/\/www.tec-deutschland.de\/wp-content\/uploads\/2023\/03\/LOGOOP1-300x66.png\" class=\"attachment-medium size-medium\" alt=\"Logo von Operational Services, Ihr ICT-Partner.\" \/>\n                <\/a>\n            \n                <a href='https:\/\/mediaan.com\/de' class='sponsor-image' target='_blank' rel='nofollow'>\n                    <img loading=\"lazy\" decoding=\"async\" width=\"300\" height=\"146\" src=\"https:\/\/www.tec-deutschland.de\/wp-content\/uploads\/2023\/03\/Mediaan-Logo-mit-Claim-300x146.png\" class=\"attachment-medium size-medium\" alt=\"mediaan Logo mit Slogan &#039;technology that makes a difference&#039;\" \/>\n                <\/a>\n            \n                <a href='https:\/\/www.orbit.de\/' class='sponsor-image' target='_blank' rel='nofollow'>\n                    <img loading=\"lazy\" decoding=\"async\" width=\"300\" height=\"143\" src=\"https:\/\/www.tec-deutschland.de\/wp-content\/uploads\/2023\/06\/ORBIT_Logo-300x143.jpg\" class=\"attachment-medium size-medium\" alt=\"ORBIT IT-L\u00f6sungen Firmenlogo\" srcset=\"https:\/\/www.tec-deutschland.de\/wp-content\/uploads\/2023\/06\/ORBIT_Logo-300x143.jpg 300w, https:\/\/www.tec-deutschland.de\/wp-content\/uploads\/2023\/06\/ORBIT_Logo-1024x488.jpg 1024w, https:\/\/www.tec-deutschland.de\/wp-content\/uploads\/2023\/06\/ORBIT_Logo-768x366.jpg 768w, https:\/\/www.tec-deutschland.de\/wp-content\/uploads\/2023\/06\/ORBIT_Logo-18x9.jpg 18w, https:\/\/www.tec-deutschland.de\/wp-content\/uploads\/2023\/06\/ORBIT_Logo-60x29.jpg 60w, https:\/\/www.tec-deutschland.de\/wp-content\/uploads\/2023\/06\/ORBIT_Logo-100x48.jpg 100w, https:\/\/www.tec-deutschland.de\/wp-content\/uploads\/2023\/06\/ORBIT_Logo-480x229.jpg 480w, https:\/\/www.tec-deutschland.de\/wp-content\/uploads\/2023\/06\/ORBIT_Logo-640x305.jpg 640w, https:\/\/www.tec-deutschland.de\/wp-content\/uploads\/2023\/06\/ORBIT_Logo-720x343.jpg 720w, https:\/\/www.tec-deutschland.de\/wp-content\/uploads\/2023\/06\/ORBIT_Logo-960x457.jpg 960w, https:\/\/www.tec-deutschland.de\/wp-content\/uploads\/2023\/06\/ORBIT_Logo-1168x556.jpg 1168w, https:\/\/www.tec-deutschland.de\/wp-content\/uploads\/2023\/06\/ORBIT_Logo-1440x686.jpg 1440w, https:\/\/www.tec-deutschland.de\/wp-content\/uploads\/2023\/06\/ORBIT_Logo-1080x514.jpg 1080w\" sizes=\"(max-width: 300px) 100vw, 300px\" \/>\n                <\/a>\n            \n                <a href='https:\/\/brekoverband.de\/' class='sponsor-image' target='_blank' rel='nofollow'>\n                    <img loading=\"lazy\" decoding=\"async\" width=\"300\" height=\"94\" src=\"https:\/\/www.tec-deutschland.de\/wp-content\/uploads\/2023\/03\/BREKO_2-300x94.png\" class=\"attachment-medium size-medium\" alt=\"BREKO Verbandslogo f\u00fcr Breitbandkommunikation in Deutschland.\" \/>\n                <\/a>\n            \n                <a href='http:\/\/www.buglas.de\/' class='sponsor-image' target='_blank' rel='nofollow'>\n                    <img loading=\"lazy\" decoding=\"async\" width=\"300\" height=\"85\" src=\"https:\/\/www.tec-deutschland.de\/wp-content\/uploads\/2023\/03\/BUGLAS_Logo-300x85.png\" class=\"attachment-medium size-medium\" alt=\"Logo des Bundesverbands Glasfaseranschluss e.V., BUGLAS.\" \/>\n                <\/a>\n            \n                <a href='https:\/\/www.dvtm.net\/' class='sponsor-image' target='_blank' rel='nofollow'>\n                    <img loading=\"lazy\" decoding=\"async\" width=\"300\" height=\"88\" src=\"https:\/\/www.tec-deutschland.de\/wp-content\/uploads\/2023\/03\/Logo-DVTM_2017-300x88.png\" class=\"attachment-medium size-medium\" alt=\"Logo des Deutschen Verbands f\u00fcr Telekommunikation und Medien.\" \/>\n                <\/a>\n            \n                <a href='https:\/\/www.eco.de\/' class='sponsor-image' target='_blank' rel='nofollow'>\n                    <img loading=\"lazy\" decoding=\"async\" width=\"300\" height=\"240\" src=\"https:\/\/www.tec-deutschland.de\/wp-content\/uploads\/2023\/03\/eco_Logo_red-300x240.png\" class=\"attachment-medium size-medium\" alt=\"Eco-Logo, Internetwirtschaftsverband Schriftzug\" \/>\n                <\/a>\n            \n                <a href='https:\/\/www.vatm.de\/' class='sponsor-image' target='_blank' rel='nofollow'>\n                    <img loading=\"lazy\" decoding=\"async\" width=\"300\" height=\"120\" src=\"https:\/\/www.tec-deutschland.de\/wp-content\/uploads\/2025\/08\/vatm-neu-300x120.png\" class=\"attachment-medium size-medium\" alt=\"\" \/>\n                <\/a>\n            \n                <a href='https:\/\/www.connect-professional.de\/' class='sponsor-image' target='_blank' rel='nofollow'>\n                    <img loading=\"lazy\" decoding=\"async\" width=\"300\" height=\"136\" src=\"https:\/\/www.tec-deutschland.de\/wp-content\/uploads\/2023\/08\/15-connect-300x136.jpg\" class=\"attachment-medium size-medium\" alt=\"Logo &quot;connect professional&quot; in Schwarz-Grau.\" \/>\n                <\/a>\n            \n                <a href='https:\/\/www.net-im-web.de\/' class='sponsor-image' target='_blank' rel='nofollow'>\n                    <img loading=\"lazy\" decoding=\"async\" width=\"283\" height=\"120\" src=\"https:\/\/www.tec-deutschland.de\/wp-content\/uploads\/2023\/03\/NET_LO2.jpg\" class=\"attachment-medium size-medium\" alt=\"NET Zeitschrift Kommunikationsmanagement Logo\" srcset=\"https:\/\/www.tec-deutschland.de\/wp-content\/uploads\/2023\/03\/NET_LO2.jpg 283w, https:\/\/www.tec-deutschland.de\/wp-content\/uploads\/2023\/03\/NET_LO2-60x25.jpg 60w, https:\/\/www.tec-deutschland.de\/wp-content\/uploads\/2023\/03\/NET_LO2-100x42.jpg 100w\" sizes=\"(max-width: 283px) 100vw, 283px\" \/>\n                <\/a>\n            \n                <a href='https:\/\/portel.de\/' class='sponsor-image' target='_blank' rel='nofollow'>\n                    <img loading=\"lazy\" decoding=\"async\" width=\"300\" height=\"50\" src=\"https:\/\/www.tec-deutschland.de\/wp-content\/uploads\/2023\/03\/Portel-300x50.png\" class=\"attachment-medium size-medium\" alt=\"Logo von Sportel.de mit rotem Akzent\" \/>\n                <\/a>\n            \n                <a href='https:\/\/www.cyber-rs.com\/' class='sponsor-image' target='_blank' rel='nofollow'>\n                    <img loading=\"lazy\" decoding=\"async\" width=\"300\" height=\"62\" src=\"https:\/\/www.tec-deutschland.de\/wp-content\/uploads\/2023\/03\/20-CRS-300x62.png\" class=\"attachment-medium size-medium\" alt=\"Logo &quot;Cyber Resilience Solutions&quot; auf gr\u00fcnem Hintergrund.\" \/>\n                <\/a>\n            \n                <a href='https:\/\/www.boecker-ziemen.de\/' class='sponsor-image' target='_blank' rel='nofollow'>\n                    <img loading=\"lazy\" decoding=\"async\" width=\"300\" height=\"81\" src=\"https:\/\/www.tec-deutschland.de\/wp-content\/uploads\/2023\/03\/bz_positiv-300x81.png\" class=\"attachment-medium size-medium\" alt=\"Logo von &quot;B\u00f6cker Ziemen&quot; in Wei\u00df auf Grau.\" \/>\n                <\/a>\n            <\/div>\n<p>[\/et_pb_text][\/et_pb_column][\/et_pb_row][\/et_pb_section][et_pb_section fb_built=&#8220;1&#8243; disabled_on=&#8220;on|on|on&#8220; _builder_version=&#8220;4.21.0&#8243; _module_preset=&#8220;default&#8220; disabled=&#8220;on&#8220; global_colors_info=&#8220;{}&#8220;][et_pb_row _builder_version=&#8220;4.21.0&#8243; _module_preset=&#8220;default&#8220; global_colors_info=&#8220;{}&#8220;][et_pb_column type=&#8220;4_4&#8243; _builder_version=&#8220;4.21.0&#8243; _module_preset=&#8220;default&#8220; global_colors_info=&#8220;{}&#8220;][et_pb_code _builder_version=&#8220;4.21.0&#8243; _module_preset=&#8220;default&#8220; global_colors_info=&#8220;{}&#8220;]<iframe loading=\"lazy\" src=\"https:\/\/www.tec-anmeldung.de\/bookTicketForEvent?eventId=445503\" frameborder=\"0\" scrolling=\"no\" width=\"100%\" height=\"1200px\"><\/iframe>[\/et_pb_code][et_pb_map address=&#8220;Opernpl. 16, 60313 Frankfurt am Main, Deutschland&#8220; zoom_level=&#8220;16&#8243; address_lat=&#8220;50.115962&#8243; address_lng=&#8220;8.6735626&#8243; _builder_version=&#8220;4.21.0&#8243; _module_preset=&#8220;default&#8220; global_colors_info=&#8220;{}&#8220;][et_pb_map_pin pin_address=&#8220;Opernpl. 16, 60313 Frankfurt am Main, Deutschland&#8220; pin_address_lat=&#8220;50.115962&#8243; pin_address_lng=&#8220;8.6735626&#8243; _builder_version=&#8220;4.21.0&#8243; _module_preset=&#8220;default&#8220; global_colors_info=&#8220;{}&#8220;][\/et_pb_map_pin][\/et_pb_map][\/et_pb_column][\/et_pb_row][\/et_pb_section]<\/p>\n","protected":false},"template":"","meta":{"_acf_changed":false,"_seopress_robots_primary_cat":"","_seopress_titles_title":"","_seopress_titles_desc":"","_seopress_robots_index":"","_et_pb_use_builder":"on","_et_pb_old_content":"","_et_gb_content_width":""},"referent":[10,14,12,11,13,15],"class_list":["post-460","veranstaltung","type-veranstaltung","status-publish","hentry","referent-alexander-engelhardt","referent-dr-michael-ritter","referent-jochen-kindervater","referent-karin-gerhardy","referent-nils-kleemann","referent-stephan-scheuer"],"acf":[],"_links":{"self":[{"href":"https:\/\/www.tec-deutschland.de\/en\/wp-json\/wp\/v2\/veranstaltung\/460","targetHints":{"allow":["GET"]}}],"collection":[{"href":"https:\/\/www.tec-deutschland.de\/en\/wp-json\/wp\/v2\/veranstaltung"}],"about":[{"href":"https:\/\/www.tec-deutschland.de\/en\/wp-json\/wp\/v2\/types\/veranstaltung"}],"wp:attachment":[{"href":"https:\/\/www.tec-deutschland.de\/en\/wp-json\/wp\/v2\/media?parent=460"}],"wp:term":[{"taxonomy":"referent","embeddable":true,"href":"https:\/\/www.tec-deutschland.de\/en\/wp-json\/wp\/v2\/referent?post=460"}],"curies":[{"name":"wp","href":"https:\/\/api.w.org\/{rel}","templated":true}]}}